{"id":19,"date":"2021-12-16T10:52:24","date_gmt":"2021-12-16T10:52:24","guid":{"rendered":"http:\/\/moebelwerkstatt-gasser.at\/?page_id=19"},"modified":"2022-03-01T17:18:35","modified_gmt":"2022-03-01T17:18:35","slug":"datenschutz","status":"publish","type":"page","link":"https:\/\/moebelwerkstatt-gasser.at\/index.php\/datenschutz\/","title":{"rendered":"Datenschutz"},"content":{"rendered":"\t\t<div data-elementor-type=\"wp-page\" data-elementor-id=\"19\" class=\"elementor elementor-19\">\n\t\t\t\t\t\t\t\t\t<section class=\"elementor-section elementor-top-section elementor-element elementor-element-aae2e5c elementor-section-boxed elementor-section-height-default elementor-section-height-default\" data-id=\"aae2e5c\" data-element_type=\"section\">\n\t\t\t\t\t\t<div class=\"elementor-container elementor-column-gap-default\">\n\t\t\t\t\t<div class=\"elementor-column elementor-col-100 elementor-top-column elementor-element elementor-element-fcfa794\" data-id=\"fcfa794\" data-element_type=\"column\">\n\t\t\t<div class=\"elementor-widget-wrap elementor-element-populated\">\n\t\t\t\t\t\t\t\t<div class=\"elementor-element elementor-element-8395160 elementor-widget elementor-widget-spacer\" data-id=\"8395160\" data-element_type=\"widget\" data-widget_type=\"spacer.default\">\n\t\t\t\t<div class=\"elementor-widget-container\">\n\t\t\t<style>\/*! elementor - v3.7.3 - 29-08-2022 *\/\n.elementor-column .elementor-spacer-inner{height:var(--spacer-size)}.e-container{--container-widget-width:100%}.e-container>.elementor-widget-spacer{width:var(--container-widget-width,var(--spacer-size));-ms-flex-item-align:stretch;align-self:stretch;-ms-flex-negative:0;flex-shrink:0}.e-container>.elementor-widget-spacer>.elementor-widget-container,.e-container>.elementor-widget-spacer>.elementor-widget-container>.elementor-spacer{height:100%}.e-container>.elementor-widget-spacer>.elementor-widget-container>.elementor-spacer>.elementor-spacer-inner{height:var(--container-widget-height,var(--spacer-size))}<\/style>\t\t<div class=\"elementor-spacer\">\n\t\t\t<div class=\"elementor-spacer-inner\"><\/div>\n\t\t<\/div>\n\t\t\t\t<\/div>\n\t\t\t\t<\/div>\n\t\t\t\t\t<\/div>\n\t\t<\/div>\n\t\t\t\t\t\t\t<\/div>\n\t\t<\/section>\n\t\t\t\t<section class=\"elementor-section elementor-top-section elementor-element elementor-element-70c249e elementor-section-boxed elementor-section-height-default elementor-section-height-default\" data-id=\"70c249e\" data-element_type=\"section\">\n\t\t\t\t\t\t<div class=\"elementor-container elementor-column-gap-default\">\n\t\t\t\t\t<div class=\"elementor-column elementor-col-100 elementor-top-column elementor-element elementor-element-50e31d4\" data-id=\"50e31d4\" data-element_type=\"column\">\n\t\t\t<div class=\"elementor-widget-wrap elementor-element-populated\">\n\t\t\t\t\t\t\t\t<div class=\"elementor-element elementor-element-d00040f elementor-widget elementor-widget-heading\" data-id=\"d00040f\" data-element_type=\"widget\" data-widget_type=\"heading.default\">\n\t\t\t\t<div class=\"elementor-widget-container\">\n\t\t\t<style>\/*! elementor - v3.7.3 - 29-08-2022 *\/\n.elementor-heading-title{padding:0;margin:0;line-height:1}.elementor-widget-heading .elementor-heading-title[class*=elementor-size-]>a{color:inherit;font-size:inherit;line-height:inherit}.elementor-widget-heading .elementor-heading-title.elementor-size-small{font-size:15px}.elementor-widget-heading .elementor-heading-title.elementor-size-medium{font-size:19px}.elementor-widget-heading .elementor-heading-title.elementor-size-large{font-size:29px}.elementor-widget-heading .elementor-heading-title.elementor-size-xl{font-size:39px}.elementor-widget-heading .elementor-heading-title.elementor-size-xxl{font-size:59px}<\/style><h1 class=\"elementor-heading-title elementor-size-default\">Datenschutzerkl\u00e4rung<\/h1>\t\t<\/div>\n\t\t\t\t<\/div>\n\t\t\t\t\t<\/div>\n\t\t<\/div>\n\t\t\t\t\t\t\t<\/div>\n\t\t<\/section>\n\t\t\t\t<section class=\"elementor-section elementor-top-section elementor-element elementor-element-80ba365 elementor-section-boxed elementor-section-height-default elementor-section-height-default\" data-id=\"80ba365\" data-element_type=\"section\">\n\t\t\t\t\t\t<div class=\"elementor-container elementor-column-gap-default\">\n\t\t\t\t\t<div class=\"elementor-column elementor-col-100 elementor-top-column elementor-element elementor-element-74939b1\" data-id=\"74939b1\" data-element_type=\"column\">\n\t\t\t<div class=\"elementor-widget-wrap elementor-element-populated\">\n\t\t\t\t\t\t\t\t<div class=\"elementor-element elementor-element-f2187ce elementor-widget elementor-widget-spacer\" data-id=\"f2187ce\" data-element_type=\"widget\" data-widget_type=\"spacer.default\">\n\t\t\t\t<div class=\"elementor-widget-container\">\n\t\t\t\t\t<div class=\"elementor-spacer\">\n\t\t\t<div class=\"elementor-spacer-inner\"><\/div>\n\t\t<\/div>\n\t\t\t\t<\/div>\n\t\t\t\t<\/div>\n\t\t\t\t\t<\/div>\n\t\t<\/div>\n\t\t\t\t\t\t\t<\/div>\n\t\t<\/section>\n\t\t\t\t<section class=\"elementor-section elementor-top-section elementor-element elementor-element-9d85896 elementor-section-boxed elementor-section-height-default elementor-section-height-default\" data-id=\"9d85896\" data-element_type=\"section\">\n\t\t\t\t\t\t<div class=\"elementor-container elementor-column-gap-default\">\n\t\t\t\t\t<div class=\"elementor-column elementor-col-100 elementor-top-column elementor-element elementor-element-c6860d1\" data-id=\"c6860d1\" data-element_type=\"column\">\n\t\t\t<div class=\"elementor-widget-wrap elementor-element-populated\">\n\t\t\t\t\t\t\t\t<div class=\"elementor-element elementor-element-6a19c56 elementor-widget elementor-widget-text-editor\" data-id=\"6a19c56\" data-element_type=\"widget\" data-widget_type=\"text-editor.default\">\n\t\t\t\t<div class=\"elementor-widget-container\">\n\t\t\t<style>\/*! elementor - v3.7.3 - 29-08-2022 *\/\n.elementor-widget-text-editor.elementor-drop-cap-view-stacked .elementor-drop-cap{background-color:#818a91;color:#fff}.elementor-widget-text-editor.elementor-drop-cap-view-framed .elementor-drop-cap{color:#818a91;border:3px solid;background-color:transparent}.elementor-widget-text-editor:not(.elementor-drop-cap-view-default) .elementor-drop-cap{margin-top:8px}.elementor-widget-text-editor:not(.elementor-drop-cap-view-default) .elementor-drop-cap-letter{width:1em;height:1em}.elementor-widget-text-editor .elementor-drop-cap{float:left;text-align:center;line-height:1;font-size:50px}.elementor-widget-text-editor .elementor-drop-cap-letter{display:inline-block}<\/style>\t\t\t\t<p>Der Schutz Ihrer personenbezogenen Daten ist uns ein besonderes Anliegen. Daher halten wir uns beim Erheben und Verarbeiten Ihrer personenbezogenen Daten streng an die gesetzlichen Vorgaben. Nachfolgend wollen wir Sie ausf\u00fchrlich \u00fcber den Umfang und den Zweck unserer Datenverarbeitung sowie Ihre Rechte als Betroffene bzw. Betroffener der Datenverarbeitung informieren. Wir behandeln Ihre personenbezogenen Daten vertraulich und entsprechend der gesetzlichen Datenschutzvorschriften sowie dieser Datenschutzerkl\u00e4rung.<\/p><p>Die Nutzung unserer Webseite ist in der Regel ohne Angabe personenbezogener Daten m\u00f6glich. Soweit auf unseren Seiten personenbezogene Daten (beispielsweise Name, Anschrift oder E-Mail-Adressen) erhoben werden, erfolgt dies, soweit m\u00f6glich, stets auf freiwilliger Basis. Diese Daten werden ohne Ihre ausdr\u00fcckliche Zustimmung nicht an Dritte weitergegeben.<\/p><p>Wir weisen darauf hin, dass die Daten\u00fcbertragung im Internet (z.B. bei der Kommunikation per E-Mail) Sicherheitsl\u00fccken aufweisen kann. Ein l\u00fcckenloser Schutz der Daten vor dem Zugriff durch Dritte ist nicht m\u00f6glich.<\/p><p><strong>1.) Wer wir sind:<\/strong>\u00a0Verantwortlicher f\u00fcr die Datenverarbeitung ist <em>m\u00f6belwerkstatt \u2013 Manfred Gasser, Kesselstra\u00dfe 9, A-6922 Wolfurt<\/em><\/p><p><strong>2.) Personenbezogene Daten:<\/strong>\u00a0Personenbezogene Daten sind alle Informationen, die sich auf eine identifizierte oder identifizierbare nat\u00fcrliche Person beziehen. Dazu geh\u00f6rt beispielsweise Ihr Name, Ihre Anschrift, Ihre Telefonnummer oder Ihr Geburtsdatum.<\/p><p><strong>3.) Erhebung und Verarbeitung personenbezogener Daten:<\/strong> Personenbezogene Daten werden von uns ausschlie\u00dflich verarbeitet, wenn Sie uns diese von sich aus freiwillig mitteilen, beispielsweise wenn Sie sich bei uns registrieren, mit uns in Kontakt treten oder wenn dabei ein anderer, gesetzlich legitimierter Grund (Art 6 DSGVO) gegeben ist. Wir verwenden die von Ihnen angegebenen personenbezogenen Daten ausschlie\u00dflich soweit Ihre Daten zur Erf\u00fcllung des jeweiligen Zwecks (z.B. die Registrierung, die Newsletter-Versendung, die Abwicklung einer Bestellung, das Zusenden von Informationsmaterial und Werbung, die Beantwortung einer Frage, die Erm\u00f6glichung des Zugangs zu bestimmten Informationen) erforderlich sind, und\/oder dies gesetzlich erlaubt ist (z.B. die Aussendung von Werbung und Informationsmaterial an Bestandskunden). Zweck der Verarbeitung Ihrer Daten ist das Betreiben der Website(s) mit Informationen, die Darstellung und das Angebot von Dienstleistungen eines fotografischen &amp; grafischen Betriebs, weiters die Erf\u00fcllung von mit Ihnen abgeschlossenen Vertr\u00e4gen oder sonstige, in Art 6 DSGVO erlaubte Zwecke. Eine dar\u00fcber hinaus gehende Verwendung Ihrer Daten findet nur statt, wenn Sie zuvor ausdr\u00fccklich dazu eingewilligt haben. Ihre Einwilligung k\u00f6nnen Sie jederzeit f\u00fcr die Zukunft widerrufen.<\/p><p><strong>4.) Sonderregelung f\u00fcr die Verarbeitung von Kunden- und Lieferantendaten:\u00a0<\/strong>Wir verarbeiten jene personenbezogenen Daten, die Sie uns als Kunde und\/oder als Lieferant durch Ihre Angaben, etwa im Rahmen einer Anfrage oder Registrierung oder zum Abschluss eines Vertrages zur Verf\u00fcgung stellen. Die Datenverarbeitung, n\u00e4mlich die Speicherung, Analyse, Verarbeitung und Verwendung erfolgt f\u00fcr die folgenden Zwecke:<\/p><ul><li>Abwicklung des mit Ihnen abgeschlossenen Vertrages samt Verrechnung<\/li><li>Erstellung und Zusendung individueller Angebote<\/li><li>Verbesserung unserer Portale, Apps und Selbstbedienungsger\u00e4te<\/li><li>Entwicklung von Produkten, abgestimmt auf Ihre bzw. unsere Bed\u00fcrfnisse<\/li><li>Abwehr von Identit\u00e4tsdiebstahl, von Eingriffen in unsere Rechte (Urheberrecht, Patente, Marken, etc.)<\/li><li>Verfolgung und Abwehr von vertraglichen oder gesetzlichen Anspr\u00fcchen<\/li><li>Rechtsgrundlage der Datenverarbeitung ist Ihre Einwilligung gem. Art 6 Abs 1 lit a DSGVO im Rahmen der Registrierung<\/li><li>Vertrags-Anbahnung und -Erf\u00fcllung gem. Art 6 Abs 1 b DSGVO. Um Ihre Bestellung zur vollsten Zufriedenheit abwickeln zu k\u00f6nnen, ben\u00f6tigen wir Ihre Daten.<\/li><li>Marketing und Werbung gem. Art 6 Abs 1 lit f DSGVO. Als Interessenten zu unserem Angebot m\u00f6chten wir Sie gerne aktuell und gezielt \u00fcber Neuerungen und Angebote unserer Produkte informieren.<\/li><li>Die Verarbeitung ist zur Erf\u00fcllung einer rechtlichen Verpflichtung gem\u00e4\u00df Art 6 Abs 1 lit c DSGVO erforderlich, der wir unterliegen.<\/li><li>Die Verarbeitung ist zur Wahrung unserer berechtigten Interessen oder eines Dritten erforderlich, dies jedoch nur, soweit nicht die Interessen, Grundrechte oder Grundfreiheiten derjenigen Person, dessen Daten wir verarbeiten, \u00fcberwiegen.<\/li><\/ul><p><strong>5.) Regelungen, betreffend der Nutzung unserer Website:<\/strong>\u00a0Die Nutzung unserer Website(s) ist grunds\u00e4tzlich ohne Angabe von personenbezogenen Daten m\u00f6glich. F\u00fcr die Nutzung einzelner Services k\u00f6nnen sich jedoch abweichende Regelungen ergeben, auf die wir Sie gesondert hinweisen. Bei Aufruf unserer Webseite(s) werden Informationen, wie z.B. Ihre IP-Adresse, an uns \u00fcbertragen. Diese Informationen geben Auskunft \u00fcber das genutzte Endger\u00e4t (Computer, Smartphone, Tablet etc.), den verwendeten Browser (Internetexplorer, Safari, Firefox etc.), den Zeitpunkt des Zugriffs auf unsere Website, die \u00fcbertragenen Datenmengen und \u00c4hnliches. Diese Daten werden von uns nicht dazu verwendet, den einzelnen Nutzer zu identifizieren. Die Informationen dienen lediglich dazu, die Attraktivit\u00e4t unserer Webseite(n) zu ermitteln, und deren Inhalte laufend zu verbessern und f\u00fcr Sie noch interessanter zu gestalten.<\/p><p><strong>6.) Speicherdauer:<\/strong> Daten, die Sie uns ausschlie\u00dflich zur Kundenbetreuung bzw. f\u00fcr Marketing und Informationszwecke zur Verf\u00fcgung gestellt haben, speichern wir bis zum Ablauf von drei Jahren nach Ihrem letzten Kontakt mit uns, es sei denn, Sie widerrufen Ihre Einwilligung vorher. Im Falle eines Vertragsabschlusses werden Ihre personenbezogenen Daten nach vollst\u00e4ndiger Vertragsabwicklung bis zum Ablauf der f\u00fcr uns geltenden Garantie-, Gew\u00e4hrleistungs-, Verj\u00e4hrungs- und gesetzlichen Aufbewahrungsfristen, dar\u00fcber hinaus bis zur Beendigung von allf\u00e4lligen Rechtsstreitigkeiten, bei denen die Daten als Beweis ben\u00f6tigt werden, gespeichert.<\/p><p><strong>7.) Daten\u00fcbermittlung:<\/strong>\u00a0Eine \u00dcbermittlung Ihrer Daten an Dritte findet grunds\u00e4tzlich nicht statt, es sei denn, wir sind gesetzlich dazu verpflichtet, die Datenweitergabe ist zur Durchf\u00fchrung des Vertragsverh\u00e4ltnisses erforderlich oder Sie haben zuvor ausdr\u00fccklich in die Weitergabe Ihrer Daten eingewilligt. Externe Dienstleister und Partnerunternehmen, wie z.B. das mit der Lieferung beauftragte Versandunternehmen oder andere Kooperationspartner, erhalten Ihre Daten nur, soweit dies zur Vertragsabwicklung bzw. zur Abwicklung Ihrer Bestellung erforderlich ist. Soweit unsere Dienstleister mit Ihren personenbezogenen Daten in Ber\u00fchrung kommen, stellen wir vertraglich sicher, dass diese die Vorschriften der Datenschutzgesetze in gleicher Weise einhalten wie wir. Ihre personenbezogenen Daten werden nicht an Dritte ver\u00e4u\u00dfert oder anderweitig vermarktet, sofern Sie dem nicht zugestimmt haben.<\/p><p><strong>8.) Sicherheit:\u00a0<\/strong>Wir setzen technische und organisatorische Sicherheitsma\u00dfnahmen ein, um Ihre Daten gegen Manipulationen, Verlust, Zerst\u00f6rung und gegen den Zugriff Dritter zu sch\u00fctzen. Unsere Sicherheitsma\u00dfnahmen werden entsprechend der technologischen Entwicklung im Internet laufend verbessert. Alle Informationen, die wir von Ihnen erhalten, werden durch einen sicheren Server gesch\u00fctzt. Die Sicherheitssoftware des Servers SSL (Secure Socket Layers) verschl\u00fcsselt alle von Ihnen eingegebenen Informationen, bevor diese an uns \u00fcbermittelt werden. Die Informationen werden erst dann entschl\u00fcsselt, wenn sie unseren Server erreicht haben. Wenn ein kleines Vorh\u00e4ngeschloss links unten auf unserer Website erscheint, wissen Sie, dass die Website gesichert ist. Somit k\u00f6nnen Sie auch pers\u00f6nliche Daten oder Kreditkarteninformationen sicher \u00fcber unsere Website \u00fcbermitteln.<\/p><p><strong>9.) Ihre Rechte:<\/strong>\u00a0Gem\u00e4\u00df der Datenschutz-Grundverordnung und dem Datenschutzgesetz stehen Ihnen als betroffene Person der Datenverarbeitung folgende Rechte und Rechtsbehelfe zu:<\/p><ul><li><u>Recht auf Auskunft<\/u><\/li><\/ul><p>Sie haben als betroffene Person der Datenverarbeitung das Recht Auskunft dar-\u00fcber zu verlangen, ob und wenn ja, welche personenbezogenen Daten \u00fcber sie verarbeitet werden. Zu Ihrem eigenen Schutz \u2013 damit niemand Fremder Auskunft \u00fcber Ihre Daten erh\u00e4lt \u2013 kann es erforderlich sein, dass wir ihre Identit\u00e4t in geeigneter Form nachpr\u00fcfen.<\/p><ul><li><u>Recht auf Berichtigung und L\u00f6schung<\/u><\/li><\/ul><p>Sie haben das Recht unverz\u00fcglich die Berichtigung Sie betreffender unrichtiger personenbezogener Daten bzw. \u2013 unter Ber\u00fccksichtigung der Zwecke der Datenverarbeitung \u2013 die Vervollst\u00e4ndigung unvollst\u00e4ndiger personenbezogener Daten sowie die L\u00f6schung Ihrer Daten zu verlangen.<\/p><ul><li><u>Recht auf Einschr\u00e4nkung der Verarbeitung<\/u><\/li><\/ul><p>Sie haben das Recht auf Einschr\u00e4nkung der Verarbeitung s\u00e4mtlicher erhobener personenbezogener Daten. Diese Daten werden ab dem Einschr\u00e4nkungsantrag nur mehr mit individueller Einwilligung bzw. zur Geltendmachung und Durchsetzung von Rechtsanspr\u00fcchen verarbeitet.<\/p><ul><li><u>Recht auf Daten\u00fcbertragbarkeit<\/u><\/li><\/ul><p>Sie k\u00f6nnen die ungehinderte und uneingeschr\u00e4nkte \u00dcbermittlung erhobener personenbezogener Daten an einen Dritten verlangen.<\/p><ul><li><u>Widerspruchsrecht<\/u><\/li><\/ul><p>Sie k\u00f6nnen aus Gr\u00fcnden, die sich aus ihrer besonderen Situation ergeben, jederzeit gegen die Verarbeitung Sie betreffender personenbezogener Daten, die zur Wahrung berechtigter Interessen des Verantwortlichen oder eines Dritten erforderlich sind, Widerspruch einlegen.<\/p><p>Ihre Daten werden nach Widerspruch nicht mehr verarbeitet, es sei denn, es liegen zwingende schutzw\u00fcrdige Gr\u00fcnde f\u00fcr die Verarbeitung vor, die Ihre Interessen, Rechte und Freiheiten \u00fcberwiegen oder die Verarbeitung dient der Geltendmachung, Aus\u00fcbung oder Verteidigung von Rechtsanspr\u00fcchen. Gegen die Datenverarbeitung zum Zweck der Direktwerbung k\u00f6nnen Sie jederzeit Widerspruch mit Wirkung f\u00fcr die Zukunft erheben.<\/p><p><strong>10.) Fristen f\u00fcr unser Unternehmen:<\/strong>\u00a0Ergreifen Sie eine Ma\u00dfnahme zur Durchsetzung Ihrer oben aufgef\u00fchrten Rechte aus der DSGVO, so haben wir\u00a0unverz\u00fcglich, sp\u00e4testens aber innerhalb eines Monat nach Eingang Ihres Antrags zur beantragten Ma\u00dfnahme Stellung zu nehmen bzw. dem Antrag zu entsprechen.\u00a0Wir werden auf alle angemessenen Anfragen unentgeltlich und m\u00f6glichst umgehend entsprechend dem geltenden Recht agieren.<\/p><p><strong>11.) Rechtsbehelfe:<\/strong>\u00a0F\u00fcr Antr\u00e4ge betreffend Verletzung des Rechtes auf Auskunft, Verletzung der Rechte auf Geheimhaltung, auf Richtigstellung oder auf L\u00f6schung ist die Datenschutzbeh\u00f6rde zust\u00e4ndig. Auf schriftliche Anfrage informieren wir Sie jederzeit gerne \u00fcber die zu Ihrer Person gespeicherten Daten. <u>Richten Sie Ihre Anfrage bitte an die unter Pkt. 12 genannte Kontaktadresse<\/u>.<\/p><p>Sollten Ihre von uns verarbeiteten Daten nicht richtig sein, unterrichten Sie uns bitte dar\u00fcber. Wir werden diese unverz\u00fcglich richtigstellen und Sie dar\u00fcber informieren. Im Falle, dass Sie eine Verarbeitung Ihrer Daten durch uns nicht l\u00e4nger w\u00fcnschen, ersuchen wir Sie uns dies formlos an die unter Pkt. 13 genannte Kontaktadresse mitzuteilen. Wir werden Ihre Daten selbstverst\u00e4ndlich umgehend l\u00f6schen, und Sie davon informieren. Sollten zwingende rechtliche Gr\u00fcnde einer L\u00f6schung entgegenstehen, werden Sie dahin-gehend umgehend von uns benachrichtigt.<\/p><p><strong>12.) Ansprechperson:<\/strong>\u00a0Anfragen und die Geltendmachung Ihrer Rechte k\u00f6nnen Sie jederzeit kostenfrei an folgende verantwortliche Stelle richten:<\/p><p style=\"text-align: center;\">m\u00f6belwerkstatt \u2013 Manfred Gasser | Kesselstra\u00dfe 9 | A 6922 Wolfurt |E-Mail:\u00a0<a href=\"mailto:info@moebelwerkstatt-gasser.at\">info@moebelwerkstatt-gasser.at<\/a><\/p><p><strong>14.) Kontaktformular: <\/strong>Wenn Sie uns per Kontaktformular Anfragen zukommen lassen, werden Ihre Angaben aus dem Anfrageformular inklusive der von Ihnen dort angegebenen Kontaktdaten zwecks Bearbeitung der Anfrage und f\u00fcr den Fall von Anschlussfragen bei uns gespeichert. Diese Daten geben wir nicht ohne Ihre Einwilligung weiter.<\/p>\t\t\t\t\t\t<\/div>\n\t\t\t\t<\/div>\n\t\t\t\t\t<\/div>\n\t\t<\/div>\n\t\t\t\t\t\t\t<\/div>\n\t\t<\/section>\n\t\t\t\t\t\t\t<\/div>\n\t\t","protected":false},"excerpt":{"rendered":"<p>Datenschutzerkl\u00e4rung Der Schutz Ihrer personenbezogenen Daten ist uns ein besonderes Anliegen. Daher halten wir uns beim Erheben und Verarbeiten Ihrer personenbezogenen Daten streng an die gesetzlichen Vorgaben. Nachfolgend wollen wir Sie ausf\u00fchrlich \u00fcber den Umfang und den Zweck unserer Datenverarbeitung sowie Ihre Rechte als Betroffene bzw. Betroffener der Datenverarbeitung informieren. Wir behandeln Ihre personenbezogenen Daten [&hellip;]<\/p>\n","protected":false},"author":1,"featured_media":0,"parent":0,"menu_order":0,"comment_status":"closed","ping_status":"closed","template":"","meta":{"ocean_post_layout":"","ocean_both_sidebars_style":"","ocean_both_sidebars_content_width":0,"ocean_both_sidebars_sidebars_width":0,"ocean_sidebar":"0","ocean_second_sidebar":"0","ocean_disable_margins":"enable","ocean_add_body_class":"","ocean_shortcode_before_top_bar":"","ocean_shortcode_after_top_bar":"","ocean_shortcode_before_header":"","ocean_shortcode_after_header":"","ocean_has_shortcode":"","ocean_shortcode_after_title":"","ocean_shortcode_before_footer_widgets":"","ocean_shortcode_after_footer_widgets":"","ocean_shortcode_before_footer_bottom":"","ocean_shortcode_after_footer_bottom":"","ocean_display_top_bar":"default","ocean_display_header":"default","ocean_header_style":"","ocean_center_header_left_menu":"0","ocean_custom_header_template":"0","ocean_custom_logo":0,"ocean_custom_retina_logo":0,"ocean_custom_logo_max_width":0,"ocean_custom_logo_tablet_max_width":0,"ocean_custom_logo_mobile_max_width":0,"ocean_custom_logo_max_height":0,"ocean_custom_logo_tablet_max_height":0,"ocean_custom_logo_mobile_max_height":0,"ocean_header_custom_menu":"0","ocean_menu_typo_font_family":"0","ocean_menu_typo_font_subset":"","ocean_menu_typo_font_size":0,"ocean_menu_typo_font_size_tablet":0,"ocean_menu_typo_font_size_mobile":0,"ocean_menu_typo_font_size_unit":"px","ocean_menu_typo_font_weight":"","ocean_menu_typo_font_weight_tablet":"","ocean_menu_typo_font_weight_mobile":"","ocean_menu_typo_transform":"","ocean_menu_typo_transform_tablet":"","ocean_menu_typo_transform_mobile":"","ocean_menu_typo_line_height":0,"ocean_menu_typo_line_height_tablet":0,"ocean_menu_typo_line_height_mobile":0,"ocean_menu_typo_line_height_unit":"","ocean_menu_typo_spacing":0,"ocean_menu_typo_spacing_tablet":0,"ocean_menu_typo_spacing_mobile":0,"ocean_menu_typo_spacing_unit":"","ocean_menu_link_color":"","ocean_menu_link_color_hover":"","ocean_menu_link_color_active":"","ocean_menu_link_background":"","ocean_menu_link_hover_background":"","ocean_menu_link_active_background":"","ocean_menu_social_links_bg":"","ocean_menu_social_hover_links_bg":"","ocean_menu_social_links_color":"","ocean_menu_social_hover_links_color":"","ocean_disable_title":"default","ocean_disable_heading":"default","ocean_post_title":"","ocean_post_subheading":"","ocean_post_title_style":"","ocean_post_title_background_color":"","ocean_post_title_background":0,"ocean_post_title_bg_image_position":"","ocean_post_title_bg_image_attachment":"","ocean_post_title_bg_image_repeat":"","ocean_post_title_bg_image_size":"","ocean_post_title_height":0,"ocean_post_title_bg_overlay":0.5,"ocean_post_title_bg_overlay_color":"","ocean_disable_breadcrumbs":"default","ocean_breadcrumbs_color":"","ocean_breadcrumbs_separator_color":"","ocean_breadcrumbs_links_color":"","ocean_breadcrumbs_links_hover_color":"","ocean_display_footer_widgets":"default","ocean_display_footer_bottom":"default","ocean_custom_footer_template":"0"},"yoast_head":"<!-- This site is optimized with the Yoast SEO plugin v19.6 - https:\/\/yoast.com\/wordpress\/plugins\/seo\/ -->\n<title>Datenschutz - Moebelwerkstatt Gasser<\/title>\n<meta name=\"robots\" content=\"index, follow, max-snippet:-1, max-image-preview:large, max-video-preview:-1\" \/>\n<link rel=\"canonical\" href=\"https:\/\/moebelwerkstatt-gasser.at\/index.php\/datenschutz\/\" \/>\n<meta property=\"og:locale\" content=\"de_DE\" \/>\n<meta property=\"og:type\" content=\"article\" \/>\n<meta property=\"og:title\" content=\"Datenschutz - Moebelwerkstatt Gasser\" \/>\n<meta property=\"og:description\" content=\"Datenschutzerkl\u00e4rung Der Schutz Ihrer personenbezogenen Daten ist uns ein besonderes Anliegen. Daher halten wir uns beim Erheben und Verarbeiten Ihrer personenbezogenen Daten streng an die gesetzlichen Vorgaben. Nachfolgend wollen wir Sie ausf\u00fchrlich \u00fcber den Umfang und den Zweck unserer Datenverarbeitung sowie Ihre Rechte als Betroffene bzw. Betroffener der Datenverarbeitung informieren. Wir behandeln Ihre personenbezogenen Daten [&hellip;]\" \/>\n<meta property=\"og:url\" content=\"https:\/\/moebelwerkstatt-gasser.at\/index.php\/datenschutz\/\" \/>\n<meta property=\"og:site_name\" content=\"Moebelwerkstatt Gasser\" \/>\n<meta property=\"article:modified_time\" content=\"2022-03-01T17:18:35+00:00\" \/>\n<meta name=\"twitter:card\" content=\"summary_large_image\" \/>\n<meta name=\"twitter:label1\" content=\"Gesch\u00e4tzte Lesezeit\" \/>\n\t<meta name=\"twitter:data1\" content=\"8 Minuten\" \/>\n<script type=\"application\/ld+json\" class=\"yoast-schema-graph\">{\"@context\":\"https:\/\/schema.org\",\"@graph\":[{\"@type\":\"WebPage\",\"@id\":\"https:\/\/moebelwerkstatt-gasser.at\/index.php\/datenschutz\/\",\"url\":\"https:\/\/moebelwerkstatt-gasser.at\/index.php\/datenschutz\/\",\"name\":\"Datenschutz - Moebelwerkstatt Gasser\",\"isPartOf\":{\"@id\":\"https:\/\/moebelwerkstatt-gasser.at\/#website\"},\"datePublished\":\"2021-12-16T10:52:24+00:00\",\"dateModified\":\"2022-03-01T17:18:35+00:00\",\"breadcrumb\":{\"@id\":\"https:\/\/moebelwerkstatt-gasser.at\/index.php\/datenschutz\/#breadcrumb\"},\"inLanguage\":\"de-DE\",\"potentialAction\":[{\"@type\":\"ReadAction\",\"target\":[\"https:\/\/moebelwerkstatt-gasser.at\/index.php\/datenschutz\/\"]}]},{\"@type\":\"BreadcrumbList\",\"@id\":\"https:\/\/moebelwerkstatt-gasser.at\/index.php\/datenschutz\/#breadcrumb\",\"itemListElement\":[{\"@type\":\"ListItem\",\"position\":1,\"name\":\"Startseite\",\"item\":\"https:\/\/moebelwerkstatt-gasser.at\/\"},{\"@type\":\"ListItem\",\"position\":2,\"name\":\"Datenschutz\"}]},{\"@type\":\"WebSite\",\"@id\":\"https:\/\/moebelwerkstatt-gasser.at\/#website\",\"url\":\"https:\/\/moebelwerkstatt-gasser.at\/\",\"name\":\"Moebelwerkstatt Gasser\",\"description\":\"\",\"publisher\":{\"@id\":\"https:\/\/moebelwerkstatt-gasser.at\/#organization\"},\"potentialAction\":[{\"@type\":\"SearchAction\",\"target\":{\"@type\":\"EntryPoint\",\"urlTemplate\":\"https:\/\/moebelwerkstatt-gasser.at\/?s={search_term_string}\"},\"query-input\":\"required name=search_term_string\"}],\"inLanguage\":\"de-DE\"},{\"@type\":\"Organization\",\"@id\":\"https:\/\/moebelwerkstatt-gasser.at\/#organization\",\"name\":\"m\u00f6belwerkstatt - Manfred Gasser\",\"url\":\"https:\/\/moebelwerkstatt-gasser.at\/\",\"sameAs\":[],\"logo\":{\"@type\":\"ImageObject\",\"inLanguage\":\"de-DE\",\"@id\":\"https:\/\/moebelwerkstatt-gasser.at\/#\/schema\/logo\/image\/\",\"url\":\"http:\/\/moebelwerkstatt-gasser.at\/wp-content\/uploads\/2021\/12\/Logo-moebelwerkstatt.jpg\",\"contentUrl\":\"http:\/\/moebelwerkstatt-gasser.at\/wp-content\/uploads\/2021\/12\/Logo-moebelwerkstatt.jpg\",\"width\":324,\"height\":117,\"caption\":\"m\u00f6belwerkstatt - Manfred Gasser\"},\"image\":{\"@id\":\"https:\/\/moebelwerkstatt-gasser.at\/#\/schema\/logo\/image\/\"}}]}<\/script>\n<!-- \/ Yoast SEO plugin. -->","yoast_head_json":{"title":"Datenschutz - Moebelwerkstatt Gasser","robots":{"index":"index","follow":"follow","max-snippet":"max-snippet:-1","max-image-preview":"max-image-preview:large","max-video-preview":"max-video-preview:-1"},"canonical":"https:\/\/moebelwerkstatt-gasser.at\/index.php\/datenschutz\/","og_locale":"de_DE","og_type":"article","og_title":"Datenschutz - Moebelwerkstatt Gasser","og_description":"Datenschutzerkl\u00e4rung Der Schutz Ihrer personenbezogenen Daten ist uns ein besonderes Anliegen. Daher halten wir uns beim Erheben und Verarbeiten Ihrer personenbezogenen Daten streng an die gesetzlichen Vorgaben. Nachfolgend wollen wir Sie ausf\u00fchrlich \u00fcber den Umfang und den Zweck unserer Datenverarbeitung sowie Ihre Rechte als Betroffene bzw. Betroffener der Datenverarbeitung informieren. Wir behandeln Ihre personenbezogenen Daten [&hellip;]","og_url":"https:\/\/moebelwerkstatt-gasser.at\/index.php\/datenschutz\/","og_site_name":"Moebelwerkstatt Gasser","article_modified_time":"2022-03-01T17:18:35+00:00","twitter_card":"summary_large_image","twitter_misc":{"Gesch\u00e4tzte Lesezeit":"8 Minuten"},"schema":{"@context":"https:\/\/schema.org","@graph":[{"@type":"WebPage","@id":"https:\/\/moebelwerkstatt-gasser.at\/index.php\/datenschutz\/","url":"https:\/\/moebelwerkstatt-gasser.at\/index.php\/datenschutz\/","name":"Datenschutz - Moebelwerkstatt Gasser","isPartOf":{"@id":"https:\/\/moebelwerkstatt-gasser.at\/#website"},"datePublished":"2021-12-16T10:52:24+00:00","dateModified":"2022-03-01T17:18:35+00:00","breadcrumb":{"@id":"https:\/\/moebelwerkstatt-gasser.at\/index.php\/datenschutz\/#breadcrumb"},"inLanguage":"de-DE","potentialAction":[{"@type":"ReadAction","target":["https:\/\/moebelwerkstatt-gasser.at\/index.php\/datenschutz\/"]}]},{"@type":"BreadcrumbList","@id":"https:\/\/moebelwerkstatt-gasser.at\/index.php\/datenschutz\/#breadcrumb","itemListElement":[{"@type":"ListItem","position":1,"name":"Startseite","item":"https:\/\/moebelwerkstatt-gasser.at\/"},{"@type":"ListItem","position":2,"name":"Datenschutz"}]},{"@type":"WebSite","@id":"https:\/\/moebelwerkstatt-gasser.at\/#website","url":"https:\/\/moebelwerkstatt-gasser.at\/","name":"Moebelwerkstatt Gasser","description":"","publisher":{"@id":"https:\/\/moebelwerkstatt-gasser.at\/#organization"},"potentialAction":[{"@type":"SearchAction","target":{"@type":"EntryPoint","urlTemplate":"https:\/\/moebelwerkstatt-gasser.at\/?s={search_term_string}"},"query-input":"required name=search_term_string"}],"inLanguage":"de-DE"},{"@type":"Organization","@id":"https:\/\/moebelwerkstatt-gasser.at\/#organization","name":"m\u00f6belwerkstatt - Manfred Gasser","url":"https:\/\/moebelwerkstatt-gasser.at\/","sameAs":[],"logo":{"@type":"ImageObject","inLanguage":"de-DE","@id":"https:\/\/moebelwerkstatt-gasser.at\/#\/schema\/logo\/image\/","url":"http:\/\/moebelwerkstatt-gasser.at\/wp-content\/uploads\/2021\/12\/Logo-moebelwerkstatt.jpg","contentUrl":"http:\/\/moebelwerkstatt-gasser.at\/wp-content\/uploads\/2021\/12\/Logo-moebelwerkstatt.jpg","width":324,"height":117,"caption":"m\u00f6belwerkstatt - Manfred Gasser"},"image":{"@id":"https:\/\/moebelwerkstatt-gasser.at\/#\/schema\/logo\/image\/"}}]}},"_links":{"self":[{"href":"https:\/\/moebelwerkstatt-gasser.at\/index.php\/wp-json\/wp\/v2\/pages\/19"}],"collection":[{"href":"https:\/\/moebelwerkstatt-gasser.at\/index.php\/wp-json\/wp\/v2\/pages"}],"about":[{"href":"https:\/\/moebelwerkstatt-gasser.at\/index.php\/wp-json\/wp\/v2\/types\/page"}],"author":[{"embeddable":true,"href":"https:\/\/moebelwerkstatt-gasser.at\/index.php\/wp-json\/wp\/v2\/users\/1"}],"replies":[{"embeddable":true,"href":"https:\/\/moebelwerkstatt-gasser.at\/index.php\/wp-json\/wp\/v2\/comments?post=19"}],"version-history":[{"count":20,"href":"https:\/\/moebelwerkstatt-gasser.at\/index.php\/wp-json\/wp\/v2\/pages\/19\/revisions"}],"predecessor-version":[{"id":1063,"href":"https:\/\/moebelwerkstatt-gasser.at\/index.php\/wp-json\/wp\/v2\/pages\/19\/revisions\/1063"}],"wp:attachment":[{"href":"https:\/\/moebelwerkstatt-gasser.at\/index.php\/wp-json\/wp\/v2\/media?parent=19"}],"curies":[{"name":"wp","href":"https:\/\/api.w.org\/{rel}","templated":true}]}}