{"id":2,"date":"2021-11-16T07:07:16","date_gmt":"2021-11-16T07:07:16","guid":{"rendered":"http:\/\/moebelwerkstatt-gasser.at\/?page_id=2"},"modified":"2022-03-02T14:11:57","modified_gmt":"2022-03-02T14:11:57","slug":"sample-page","status":"publish","type":"page","link":"https:\/\/moebelwerkstatt-gasser.at\/","title":{"rendered":"\u00dcber uns"},"content":{"rendered":"\t\t<div data-elementor-type=\"wp-page\" data-elementor-id=\"2\" class=\"elementor elementor-2\">\n\t\t\t\t\t\t\t\t\t<section class=\"elementor-section elementor-top-section elementor-element elementor-element-f322584 elementor-section-stretched elementor-section-full_width elementor-section-height-default elementor-section-height-default\" data-id=\"f322584\" data-element_type=\"section\" data-settings=\"{&quot;stretch_section&quot;:&quot;section-stretched&quot;}\">\n\t\t\t\t\t\t<div class=\"elementor-container elementor-column-gap-default\">\n\t\t\t\t\t<div class=\"elementor-column elementor-col-100 elementor-top-column elementor-element elementor-element-0c721bd animated-slow elementor-invisible\" data-id=\"0c721bd\" data-element_type=\"column\" data-settings=\"{&quot;animation&quot;:&quot;pulse&quot;}\">\n\t\t\t<div class=\"elementor-widget-wrap elementor-element-populated\">\n\t\t\t\t\t\t\t\t<div class=\"elementor-element elementor-element-ba73b5f elementor-absolute elementor-widget elementor-widget-heading\" data-id=\"ba73b5f\" data-element_type=\"widget\" data-settings=\"{&quot;_position&quot;:&quot;absolute&quot;}\" data-widget_type=\"heading.default\">\n\t\t\t\t<div class=\"elementor-widget-container\">\n\t\t\t<style>\/*! elementor - v3.7.3 - 29-08-2022 *\/\n.elementor-heading-title{padding:0;margin:0;line-height:1}.elementor-widget-heading .elementor-heading-title[class*=elementor-size-]>a{color:inherit;font-size:inherit;line-height:inherit}.elementor-widget-heading .elementor-heading-title.elementor-size-small{font-size:15px}.elementor-widget-heading .elementor-heading-title.elementor-size-medium{font-size:19px}.elementor-widget-heading .elementor-heading-title.elementor-size-large{font-size:29px}.elementor-widget-heading .elementor-heading-title.elementor-size-xl{font-size:39px}.elementor-widget-heading .elementor-heading-title.elementor-size-xxl{font-size:59px}<\/style><h2 class=\"elementor-heading-title elementor-size-default\">\"Am Abend muss man zufrieden sein...\"<\/h2>\t\t<\/div>\n\t\t\t\t<\/div>\n\t\t\t\t<div class=\"elementor-element elementor-element-38b779e animated-slow elementor-widget elementor-widget-image\" data-id=\"38b779e\" data-element_type=\"widget\" data-settings=\"{&quot;_animation&quot;:&quot;none&quot;}\" data-widget_type=\"image.default\">\n\t\t\t\t<div class=\"elementor-widget-container\">\n\t\t\t<style>\/*! elementor - v3.7.3 - 29-08-2022 *\/\n.elementor-widget-image{text-align:center}.elementor-widget-image a{display:inline-block}.elementor-widget-image a img[src$=\".svg\"]{width:48px}.elementor-widget-image img{vertical-align:middle;display:inline-block}<\/style>\t\t\t\t\t\t\t\t\t\t\t\t<img width=\"1920\" height=\"1080\" src=\"https:\/\/moebelwerkstatt-gasser.at\/wp-content\/uploads\/2021\/12\/forest-3119826_1920.jpg\" class=\"attachment-full size-full\" alt=\"\" loading=\"lazy\" srcset=\"https:\/\/moebelwerkstatt-gasser.at\/wp-content\/uploads\/2021\/12\/forest-3119826_1920.jpg 1920w, https:\/\/moebelwerkstatt-gasser.at\/wp-content\/uploads\/2021\/12\/forest-3119826_1920-300x169.jpg 300w, https:\/\/moebelwerkstatt-gasser.at\/wp-content\/uploads\/2021\/12\/forest-3119826_1920-1024x576.jpg 1024w, https:\/\/moebelwerkstatt-gasser.at\/wp-content\/uploads\/2021\/12\/forest-3119826_1920-768x432.jpg 768w, https:\/\/moebelwerkstatt-gasser.at\/wp-content\/uploads\/2021\/12\/forest-3119826_1920-1536x864.jpg 1536w\" sizes=\"(max-width: 1920px) 100vw, 1920px\" \/>\t\t\t\t\t\t\t\t\t\t\t\t\t\t\t<\/div>\n\t\t\t\t<\/div>\n\t\t\t\t\t<\/div>\n\t\t<\/div>\n\t\t\t\t\t\t\t<\/div>\n\t\t<\/section>\n\t\t\t\t<section class=\"elementor-section elementor-top-section elementor-element elementor-element-3c0eb6ff elementor-section-content-middle elementor-section-boxed elementor-section-height-default elementor-section-height-default\" data-id=\"3c0eb6ff\" data-element_type=\"section\">\n\t\t\t\t\t\t<div class=\"elementor-container elementor-column-gap-no\">\n\t\t\t\t\t<div class=\"elementor-column elementor-col-50 elementor-top-column elementor-element elementor-element-61c0eddc\" data-id=\"61c0eddc\" data-element_type=\"column\">\n\t\t\t<div class=\"elementor-widget-wrap elementor-element-populated\">\n\t\t\t\t\t\t\t\t<div class=\"elementor-element elementor-element-463314 elementor-widget elementor-widget-image\" data-id=\"463314\" data-element_type=\"widget\" data-widget_type=\"image.default\">\n\t\t\t\t<div class=\"elementor-widget-container\">\n\t\t\t\t\t\t\t\t\t\t\t\t\t\t\t<img width=\"2560\" height=\"2560\" src=\"https:\/\/moebelwerkstatt-gasser.at\/wp-content\/uploads\/2022\/03\/Manfred-Gasser-scaled.jpg\" class=\"attachment-full size-full\" alt=\"\u00dcber m\u00f6belwerkstatt\" loading=\"lazy\" srcset=\"https:\/\/moebelwerkstatt-gasser.at\/wp-content\/uploads\/2022\/03\/Manfred-Gasser-scaled.jpg 2560w, https:\/\/moebelwerkstatt-gasser.at\/wp-content\/uploads\/2022\/03\/Manfred-Gasser-300x300.jpg 300w, https:\/\/moebelwerkstatt-gasser.at\/wp-content\/uploads\/2022\/03\/Manfred-Gasser-1024x1024.jpg 1024w, https:\/\/moebelwerkstatt-gasser.at\/wp-content\/uploads\/2022\/03\/Manfred-Gasser-150x150.jpg 150w, https:\/\/moebelwerkstatt-gasser.at\/wp-content\/uploads\/2022\/03\/Manfred-Gasser-768x768.jpg 768w, https:\/\/moebelwerkstatt-gasser.at\/wp-content\/uploads\/2022\/03\/Manfred-Gasser-1536x1536.jpg 1536w, https:\/\/moebelwerkstatt-gasser.at\/wp-content\/uploads\/2022\/03\/Manfred-Gasser-2048x2048.jpg 2048w\" sizes=\"(max-width: 2560px) 100vw, 2560px\" \/>\t\t\t\t\t\t\t\t\t\t\t\t\t\t\t<\/div>\n\t\t\t\t<\/div>\n\t\t\t\t\t<\/div>\n\t\t<\/div>\n\t\t\t\t<div class=\"elementor-column elementor-col-50 elementor-top-column elementor-element elementor-element-7e649bbd\" data-id=\"7e649bbd\" data-element_type=\"column\">\n\t\t\t<div class=\"elementor-widget-wrap elementor-element-populated\">\n\t\t\t\t\t\t\t\t<div class=\"elementor-element elementor-element-033daa4 elementor-widget elementor-widget-heading\" data-id=\"033daa4\" data-element_type=\"widget\" data-widget_type=\"heading.default\">\n\t\t\t\t<div class=\"elementor-widget-container\">\n\t\t\t<h1 class=\"elementor-heading-title elementor-size-default\">\u00dcber uns<\/h1>\t\t<\/div>\n\t\t\t\t<\/div>\n\t\t\t\t<div class=\"elementor-element elementor-element-a6260b4 elementor-widget elementor-widget-text-editor\" data-id=\"a6260b4\" data-element_type=\"widget\" data-widget_type=\"text-editor.default\">\n\t\t\t\t<div class=\"elementor-widget-container\">\n\t\t\t<style>\/*! elementor - v3.7.3 - 29-08-2022 *\/\n.elementor-widget-text-editor.elementor-drop-cap-view-stacked .elementor-drop-cap{background-color:#818a91;color:#fff}.elementor-widget-text-editor.elementor-drop-cap-view-framed .elementor-drop-cap{color:#818a91;border:3px solid;background-color:transparent}.elementor-widget-text-editor:not(.elementor-drop-cap-view-default) .elementor-drop-cap{margin-top:8px}.elementor-widget-text-editor:not(.elementor-drop-cap-view-default) .elementor-drop-cap-letter{width:1em;height:1em}.elementor-widget-text-editor .elementor-drop-cap{float:left;text-align:center;line-height:1;font-size:50px}.elementor-widget-text-editor .elementor-drop-cap-letter{display:inline-block}<\/style>\t\t\t\t<p style=\"text-align: left;\">Die Arbeit mit Holz hat mich seit fr\u00fchester Jugend begeistert. Vielleicht umso mehr, da ich eigentlich aus einer reinen \u201eMetaller-Familie\u201c stamme. Aber \u201eHolz im Haus\u201c faszinierte mich schon sehr fr\u00fch, weshalb ich 2007 die <em>m\u00f6belwerkstatt<\/em> gr\u00fcndete.<\/p><p style=\"text-align: left;\">Der Werkstoff Holz ist dabei so vielf\u00e4ltig und unterschiedlich, dass er nicht nur mit seinem angenehmen Geruch W\u00e4rme und Gem\u00fctlichkeit ins Heim bringt. Holz ist ein lebendiger Werkstoff und erfordert bei seiner Auswahl und in seiner Verarbeitung sowie Montage langj\u00e4hrige Erfahrung, um dann auch als Gewerk zwischen vier W\u00e4nden zu harmonieren.<\/p><p style=\"text-align: left;\">Schlussendlich z\u00e4hlt f\u00fcr mich bei meiner Arbeit mit Holz jeden Tag: \u201eAm Abend muss man zufrieden sein.\u201c Aber erfahren Sie auf dieser Website gerne selbst, was wir f\u00fcr Sie alles tun k\u00f6nnen, um Ihren Wohntraum aus Holz zu erf\u00fcllen.<\/p><p style=\"text-align: left;\">Wir freuen uns \u00fcber Ihren Besuch in unserer <em>m\u00f6belwerkstatt<\/em> oder Ihre <a href=\"http:\/\/moebelwerkstatt-gasser.at\/index.php\/kontakt\/\">Kontaktaufnahme<\/a>.<\/p>\t\t\t\t\t\t<\/div>\n\t\t\t\t<\/div>\n\t\t\t\t<div class=\"elementor-element elementor-element-796a4bf7 elementor-widget elementor-widget-heading\" data-id=\"796a4bf7\" data-element_type=\"widget\" data-widget_type=\"heading.default\">\n\t\t\t\t<div class=\"elementor-widget-container\">\n\t\t\t<h2 class=\"elementor-heading-title elementor-size-default\">Manfred Gasser<\/h2>\t\t<\/div>\n\t\t\t\t<\/div>\n\t\t\t\t<div class=\"elementor-element elementor-element-7e2d1377 elementor-widget elementor-widget-heading\" data-id=\"7e2d1377\" data-element_type=\"widget\" data-widget_type=\"heading.default\">\n\t\t\t\t<div class=\"elementor-widget-container\">\n\t\t\t<h2 class=\"elementor-heading-title elementor-size-default\">m\u00f6belwerkstatt, Inhaber<\/h2>\t\t<\/div>\n\t\t\t\t<\/div>\n\t\t\t\t\t<\/div>\n\t\t<\/div>\n\t\t\t\t\t\t\t<\/div>\n\t\t<\/section>\n\t\t\t\t<section class=\"elementor-section elementor-top-section elementor-element elementor-element-7a64b732 elementor-section-content-middle elementor-section-boxed elementor-section-height-default elementor-section-height-default\" data-id=\"7a64b732\" data-element_type=\"section\">\n\t\t\t\t\t\t<div class=\"elementor-container elementor-column-gap-no\">\n\t\t\t\t\t<div class=\"elementor-column elementor-col-100 elementor-top-column elementor-element elementor-element-4fe55365\" data-id=\"4fe55365\" data-element_type=\"column\">\n\t\t\t<div class=\"elementor-widget-wrap elementor-element-populated\">\n\t\t\t\t\t\t\t\t<div class=\"elementor-element elementor-element-191540df elementor-widget elementor-widget-heading\" data-id=\"191540df\" data-element_type=\"widget\" data-widget_type=\"heading.default\">\n\t\t\t\t<div class=\"elementor-widget-container\">\n\t\t\t<h4 class=\"elementor-heading-title elementor-size-default\">Unser Team<\/h4>\t\t<\/div>\n\t\t\t\t<\/div>\n\t\t\t\t<div class=\"elementor-element elementor-element-4a565cc0 gallery-spacing-custom elementor-widget elementor-widget-image-gallery\" data-id=\"4a565cc0\" data-element_type=\"widget\" data-widget_type=\"image-gallery.default\">\n\t\t\t\t<div class=\"elementor-widget-container\">\n\t\t\t<style>\/*! elementor - v3.7.3 - 29-08-2022 *\/\n.elementor-image-gallery .gallery-item{display:inline-block;text-align:center;vertical-align:top;width:100%;max-width:100%;margin:0 auto}.elementor-image-gallery .gallery-item img{margin:0 auto}.elementor-image-gallery .gallery-item .gallery-caption{margin:0}.elementor-image-gallery figure img{display:block}.elementor-image-gallery figure figcaption{width:100%}.gallery-spacing-custom .elementor-image-gallery .gallery-icon{padding:0}@media (min-width:768px){.elementor-image-gallery .gallery-columns-2 .gallery-item{max-width:50%}.elementor-image-gallery .gallery-columns-3 .gallery-item{max-width:33.33%}.elementor-image-gallery .gallery-columns-4 .gallery-item{max-width:25%}.elementor-image-gallery .gallery-columns-5 .gallery-item{max-width:20%}.elementor-image-gallery .gallery-columns-6 .gallery-item{max-width:16.666%}.elementor-image-gallery .gallery-columns-7 .gallery-item{max-width:14.28%}.elementor-image-gallery .gallery-columns-8 .gallery-item{max-width:12.5%}.elementor-image-gallery .gallery-columns-9 .gallery-item{max-width:11.11%}.elementor-image-gallery .gallery-columns-10 .gallery-item{max-width:10%}}@media (min-width:480px) and (max-width:767px){.elementor-image-gallery .gallery.gallery-columns-2 .gallery-item,.elementor-image-gallery .gallery.gallery-columns-3 .gallery-item,.elementor-image-gallery .gallery.gallery-columns-4 .gallery-item,.elementor-image-gallery .gallery.gallery-columns-5 .gallery-item,.elementor-image-gallery .gallery.gallery-columns-6 .gallery-item,.elementor-image-gallery .gallery.gallery-columns-7 .gallery-item,.elementor-image-gallery .gallery.gallery-columns-8 .gallery-item,.elementor-image-gallery .gallery.gallery-columns-9 .gallery-item,.elementor-image-gallery .gallery.gallery-columns-10 .gallery-item{max-width:50%}}@media (max-width:479px){.elementor-image-gallery .gallery.gallery-columns-2 .gallery-item,.elementor-image-gallery .gallery.gallery-columns-3 .gallery-item,.elementor-image-gallery .gallery.gallery-columns-4 .gallery-item,.elementor-image-gallery .gallery.gallery-columns-5 .gallery-item,.elementor-image-gallery .gallery.gallery-columns-6 .gallery-item,.elementor-image-gallery .gallery.gallery-columns-7 .gallery-item,.elementor-image-gallery .gallery.gallery-columns-8 .gallery-item,.elementor-image-gallery .gallery.gallery-columns-9 .gallery-item,.elementor-image-gallery .gallery.gallery-columns-10 .gallery-item{max-width:100%}}<\/style>\t\t<div class=\"elementor-image-gallery\">\n\t\t\t<div id='gallery-1' class='gallery galleryid-2 gallery-columns-3 gallery-size-full'><figure class='gallery-item'>\n\t\t\t<div class='gallery-icon landscape'>\n\t\t\t\t<a data-elementor-open-lightbox=\"yes\" data-elementor-lightbox-slideshow=\"4a565cc0\" data-elementor-lightbox-title=\"Manfred Gasser | Inhaber\" e-action-hash=\"#elementor-action%3Aaction%3Dlightbox%26settings%3DeyJpZCI6NzU2LCJ1cmwiOiJodHRwczpcL1wvbW9lYmVsd2Vya3N0YXR0LWdhc3Nlci5hdFwvd3AtY29udGVudFwvdXBsb2Fkc1wvMjAyMlwvMDNcL01hbmZyZWQtR2Fzc2VyLTMtc2NhbGVkLmpwZyIsInNsaWRlc2hvdyI6IjRhNTY1Y2MwIn0%3D\" href='https:\/\/moebelwerkstatt-gasser.at\/wp-content\/uploads\/2022\/03\/Manfred-Gasser-3-scaled.jpg'><img width=\"2560\" height=\"2560\" src=\"https:\/\/moebelwerkstatt-gasser.at\/wp-content\/uploads\/2022\/03\/Manfred-Gasser-3-scaled.jpg\" class=\"attachment-full size-full\" alt=\"Manfred Gasser | Inhaber\" loading=\"lazy\" srcset=\"https:\/\/moebelwerkstatt-gasser.at\/wp-content\/uploads\/2022\/03\/Manfred-Gasser-3-scaled.jpg 2560w, https:\/\/moebelwerkstatt-gasser.at\/wp-content\/uploads\/2022\/03\/Manfred-Gasser-3-300x300.jpg 300w, https:\/\/moebelwerkstatt-gasser.at\/wp-content\/uploads\/2022\/03\/Manfred-Gasser-3-1024x1024.jpg 1024w, https:\/\/moebelwerkstatt-gasser.at\/wp-content\/uploads\/2022\/03\/Manfred-Gasser-3-150x150.jpg 150w, https:\/\/moebelwerkstatt-gasser.at\/wp-content\/uploads\/2022\/03\/Manfred-Gasser-3-768x768.jpg 768w, https:\/\/moebelwerkstatt-gasser.at\/wp-content\/uploads\/2022\/03\/Manfred-Gasser-3-1536x1536.jpg 1536w, https:\/\/moebelwerkstatt-gasser.at\/wp-content\/uploads\/2022\/03\/Manfred-Gasser-3-2048x2048.jpg 2048w\" sizes=\"(max-width: 2560px) 100vw, 2560px\" \/><\/a>\n\t\t\t<\/div><\/figure><figure class='gallery-item'>\n\t\t\t<div class='gallery-icon landscape'>\n\t\t\t\t<a data-elementor-open-lightbox=\"yes\" data-elementor-lightbox-slideshow=\"4a565cc0\" data-elementor-lightbox-title=\"Daniel K\u00f6b | Tischlermeister\" e-action-hash=\"#elementor-action%3Aaction%3Dlightbox%26settings%3DeyJpZCI6NzQ5LCJ1cmwiOiJodHRwczpcL1wvbW9lYmVsd2Vya3N0YXR0LWdhc3Nlci5hdFwvd3AtY29udGVudFwvdXBsb2Fkc1wvMjAyMlwvMDNcL0lNR183NzU4LTEuanBnIiwic2xpZGVzaG93IjoiNGE1NjVjYzAifQ%3D%3D\" href='https:\/\/moebelwerkstatt-gasser.at\/wp-content\/uploads\/2022\/03\/IMG_7758-1.jpg'><img width=\"2199\" height=\"2199\" src=\"https:\/\/moebelwerkstatt-gasser.at\/wp-content\/uploads\/2022\/03\/IMG_7758-1.jpg\" class=\"attachment-full size-full\" alt=\"Daniel K\u00f6b | Tischlermeister\" loading=\"lazy\" srcset=\"https:\/\/moebelwerkstatt-gasser.at\/wp-content\/uploads\/2022\/03\/IMG_7758-1.jpg 2199w, https:\/\/moebelwerkstatt-gasser.at\/wp-content\/uploads\/2022\/03\/IMG_7758-1-300x300.jpg 300w, https:\/\/moebelwerkstatt-gasser.at\/wp-content\/uploads\/2022\/03\/IMG_7758-1-1024x1024.jpg 1024w, https:\/\/moebelwerkstatt-gasser.at\/wp-content\/uploads\/2022\/03\/IMG_7758-1-150x150.jpg 150w, https:\/\/moebelwerkstatt-gasser.at\/wp-content\/uploads\/2022\/03\/IMG_7758-1-768x768.jpg 768w, https:\/\/moebelwerkstatt-gasser.at\/wp-content\/uploads\/2022\/03\/IMG_7758-1-1536x1536.jpg 1536w, https:\/\/moebelwerkstatt-gasser.at\/wp-content\/uploads\/2022\/03\/IMG_7758-1-2048x2048.jpg 2048w\" sizes=\"(max-width: 2199px) 100vw, 2199px\" \/><\/a>\n\t\t\t<\/div><\/figure><figure class='gallery-item'>\n\t\t\t<div class='gallery-icon landscape'>\n\t\t\t\t<a data-elementor-open-lightbox=\"yes\" data-elementor-lightbox-slideshow=\"4a565cc0\" data-elementor-lightbox-title=\"Alexander Fritsche | Tischler\" e-action-hash=\"#elementor-action%3Aaction%3Dlightbox%26settings%3DeyJpZCI6NzUwLCJ1cmwiOiJodHRwczpcL1wvbW9lYmVsd2Vya3N0YXR0LWdhc3Nlci5hdFwvd3AtY29udGVudFwvdXBsb2Fkc1wvMjAyMlwvMDNcL0FsZXhhbmRlci0xLXNjYWxlZC5qcGciLCJzbGlkZXNob3ciOiI0YTU2NWNjMCJ9\" href='https:\/\/moebelwerkstatt-gasser.at\/wp-content\/uploads\/2022\/03\/Alexander-1-scaled.jpg'><img width=\"2560\" height=\"2560\" src=\"https:\/\/moebelwerkstatt-gasser.at\/wp-content\/uploads\/2022\/03\/Alexander-1-scaled.jpg\" class=\"attachment-full size-full\" alt=\"Alexander Fritsche | Tischler\" loading=\"lazy\" srcset=\"https:\/\/moebelwerkstatt-gasser.at\/wp-content\/uploads\/2022\/03\/Alexander-1-scaled.jpg 2560w, https:\/\/moebelwerkstatt-gasser.at\/wp-content\/uploads\/2022\/03\/Alexander-1-300x300.jpg 300w, https:\/\/moebelwerkstatt-gasser.at\/wp-content\/uploads\/2022\/03\/Alexander-1-1024x1024.jpg 1024w, https:\/\/moebelwerkstatt-gasser.at\/wp-content\/uploads\/2022\/03\/Alexander-1-150x150.jpg 150w, https:\/\/moebelwerkstatt-gasser.at\/wp-content\/uploads\/2022\/03\/Alexander-1-768x768.jpg 768w, https:\/\/moebelwerkstatt-gasser.at\/wp-content\/uploads\/2022\/03\/Alexander-1-1536x1536.jpg 1536w, https:\/\/moebelwerkstatt-gasser.at\/wp-content\/uploads\/2022\/03\/Alexander-1-2048x2048.jpg 2048w\" sizes=\"(max-width: 2560px) 100vw, 2560px\" \/><\/a>\n\t\t\t<\/div><\/figure><figure class='gallery-item'>\n\t\t\t<div class='gallery-icon landscape'>\n\t\t\t\t<a data-elementor-open-lightbox=\"yes\" data-elementor-lightbox-slideshow=\"4a565cc0\" data-elementor-lightbox-title=\"Ondrej Koscak | Tischler\" e-action-hash=\"#elementor-action%3Aaction%3Dlightbox%26settings%3DeyJpZCI6NzUxLCJ1cmwiOiJodHRwczpcL1wvbW9lYmVsd2Vya3N0YXR0LWdhc3Nlci5hdFwvd3AtY29udGVudFwvdXBsb2Fkc1wvMjAyMlwvMDNcL0lNR183NzQwLTEtc2NhbGVkLmpwZyIsInNsaWRlc2hvdyI6IjRhNTY1Y2MwIn0%3D\" href='https:\/\/moebelwerkstatt-gasser.at\/wp-content\/uploads\/2022\/03\/IMG_7740-1-scaled.jpg'><img width=\"2560\" height=\"2560\" src=\"https:\/\/moebelwerkstatt-gasser.at\/wp-content\/uploads\/2022\/03\/IMG_7740-1-scaled.jpg\" class=\"attachment-full size-full\" alt=\"Ondrej Koscak | Tischler\" loading=\"lazy\" srcset=\"https:\/\/moebelwerkstatt-gasser.at\/wp-content\/uploads\/2022\/03\/IMG_7740-1-scaled.jpg 2560w, https:\/\/moebelwerkstatt-gasser.at\/wp-content\/uploads\/2022\/03\/IMG_7740-1-300x300.jpg 300w, https:\/\/moebelwerkstatt-gasser.at\/wp-content\/uploads\/2022\/03\/IMG_7740-1-1024x1024.jpg 1024w, https:\/\/moebelwerkstatt-gasser.at\/wp-content\/uploads\/2022\/03\/IMG_7740-1-150x150.jpg 150w, https:\/\/moebelwerkstatt-gasser.at\/wp-content\/uploads\/2022\/03\/IMG_7740-1-768x768.jpg 768w, https:\/\/moebelwerkstatt-gasser.at\/wp-content\/uploads\/2022\/03\/IMG_7740-1-1536x1536.jpg 1536w, https:\/\/moebelwerkstatt-gasser.at\/wp-content\/uploads\/2022\/03\/IMG_7740-1-2048x2048.jpg 2048w\" sizes=\"(max-width: 2560px) 100vw, 2560px\" \/><\/a>\n\t\t\t<\/div><\/figure>\n\t\t<\/div>\n\t\t<\/div>\n\t\t\t\t<\/div>\n\t\t\t\t<\/div>\n\t\t\t\t\t<\/div>\n\t\t<\/div>\n\t\t\t\t\t\t\t<\/div>\n\t\t<\/section>\n\t\t\t\t<section class=\"elementor-section elementor-top-section elementor-element elementor-element-5c2b1a0b elementor-section-content-middle elementor-section-boxed elementor-section-height-default elementor-section-height-default\" data-id=\"5c2b1a0b\" data-element_type=\"section\" data-settings=\"{&quot;background_background&quot;:&quot;classic&quot;}\">\n\t\t\t\t\t\t<div class=\"elementor-container elementor-column-gap-no\">\n\t\t\t\t\t<div class=\"elementor-column elementor-col-100 elementor-top-column elementor-element elementor-element-1d2750ef\" data-id=\"1d2750ef\" data-element_type=\"column\">\n\t\t\t<div class=\"elementor-widget-wrap elementor-element-populated\">\n\t\t\t\t\t\t\t\t<div class=\"elementor-element elementor-element-392bc00e elementor-widget elementor-widget-heading\" data-id=\"392bc00e\" data-element_type=\"widget\" data-widget_type=\"heading.default\">\n\t\t\t\t<div class=\"elementor-widget-container\">\n\t\t\t<h2 class=\"elementor-heading-title elementor-size-default\">Unsere Partner<\/h2>\t\t<\/div>\n\t\t\t\t<\/div>\n\t\t\t\t<section class=\"elementor-section elementor-inner-section elementor-element elementor-element-41ac490f elementor-section-boxed elementor-section-height-default elementor-section-height-default\" data-id=\"41ac490f\" data-element_type=\"section\">\n\t\t\t\t\t\t<div class=\"elementor-container elementor-column-gap-default\">\n\t\t\t\t\t<div class=\"elementor-column elementor-col-33 elementor-inner-column elementor-element elementor-element-608a2005\" data-id=\"608a2005\" data-element_type=\"column\" data-settings=\"{&quot;background_background&quot;:&quot;classic&quot;}\">\n\t\t\t<div class=\"elementor-widget-wrap elementor-element-populated\">\n\t\t\t\t\t\t\t\t<div class=\"elementor-element elementor-element-53f84b0c elementor-widget elementor-widget-image\" data-id=\"53f84b0c\" data-element_type=\"widget\" data-widget_type=\"image.default\">\n\t\t\t\t<div class=\"elementor-widget-container\">\n\t\t\t\t\t\t\t\t\t\t\t\t\t\t\t\t<a href=\"http:\/\/moebelwerkstatt-gasser.at\/index.php\/moebelprodukte\/\">\n\t\t\t\t\t\t\t<img width=\"214\" height=\"213\" src=\"https:\/\/moebelwerkstatt-gasser.at\/wp-content\/uploads\/2022\/01\/logo1.jpg\" class=\"elementor-animation-grow attachment-full size-full\" alt=\"\" loading=\"lazy\" srcset=\"https:\/\/moebelwerkstatt-gasser.at\/wp-content\/uploads\/2022\/01\/logo1.jpg 214w, https:\/\/moebelwerkstatt-gasser.at\/wp-content\/uploads\/2022\/01\/logo1-150x150.jpg 150w\" sizes=\"(max-width: 214px) 100vw, 214px\" \/>\t\t\t\t\t\t\t\t<\/a>\n\t\t\t\t\t\t\t\t\t\t\t\t\t\t\t<\/div>\n\t\t\t\t<\/div>\n\t\t\t\t\t<\/div>\n\t\t<\/div>\n\t\t\t\t<div class=\"elementor-column elementor-col-33 elementor-inner-column elementor-element elementor-element-5e5d86c5\" data-id=\"5e5d86c5\" data-element_type=\"column\" data-settings=\"{&quot;background_background&quot;:&quot;classic&quot;}\">\n\t\t\t<div class=\"elementor-widget-wrap elementor-element-populated\">\n\t\t\t\t\t\t\t\t<div class=\"elementor-element elementor-element-303f8aa7 elementor-widget elementor-widget-image\" data-id=\"303f8aa7\" data-element_type=\"widget\" data-widget_type=\"image.default\">\n\t\t\t\t<div class=\"elementor-widget-container\">\n\t\t\t\t\t\t\t\t\t\t\t\t\t\t\t<img width=\"1200\" height=\"630\" src=\"https:\/\/moebelwerkstatt-gasser.at\/wp-content\/uploads\/2022\/01\/logo2.png\" class=\"elementor-animation-grow attachment-full size-full\" alt=\"\" loading=\"lazy\" srcset=\"https:\/\/moebelwerkstatt-gasser.at\/wp-content\/uploads\/2022\/01\/logo2.png 1200w, https:\/\/moebelwerkstatt-gasser.at\/wp-content\/uploads\/2022\/01\/logo2-300x158.png 300w, https:\/\/moebelwerkstatt-gasser.at\/wp-content\/uploads\/2022\/01\/logo2-1024x538.png 1024w, https:\/\/moebelwerkstatt-gasser.at\/wp-content\/uploads\/2022\/01\/logo2-768x403.png 768w\" sizes=\"(max-width: 1200px) 100vw, 1200px\" \/>\t\t\t\t\t\t\t\t\t\t\t\t\t\t\t<\/div>\n\t\t\t\t<\/div>\n\t\t\t\t\t<\/div>\n\t\t<\/div>\n\t\t\t\t<div class=\"elementor-column elementor-col-33 elementor-inner-column elementor-element elementor-element-30e64680\" data-id=\"30e64680\" data-element_type=\"column\" data-settings=\"{&quot;background_background&quot;:&quot;classic&quot;}\">\n\t\t\t<div class=\"elementor-widget-wrap elementor-element-populated\">\n\t\t\t\t\t\t\t\t<div class=\"elementor-element elementor-element-16f793e6 elementor-widget elementor-widget-image\" data-id=\"16f793e6\" data-element_type=\"widget\" data-widget_type=\"image.default\">\n\t\t\t\t<div class=\"elementor-widget-container\">\n\t\t\t\t\t\t\t\t\t\t\t\t\t\t\t\t<a href=\"https:\/\/www.bauhandwerk-wolfurt.at\/lehrbetriebe\/moebelwerkstatt-gasser-manfred\/\" target=\"_blank\">\n\t\t\t\t\t\t\t<img width=\"242\" height=\"208\" src=\"https:\/\/moebelwerkstatt-gasser.at\/wp-content\/uploads\/2022\/01\/Bauhandwerk-Logo.png\" class=\"elementor-animation-grow attachment-full size-full\" alt=\"\" loading=\"lazy\" \/>\t\t\t\t\t\t\t\t<\/a>\n\t\t\t\t\t\t\t\t\t\t\t\t\t\t\t<\/div>\n\t\t\t\t<\/div>\n\t\t\t\t\t<\/div>\n\t\t<\/div>\n\t\t\t\t\t\t\t<\/div>\n\t\t<\/section>\n\t\t\t\t\t<\/div>\n\t\t<\/div>\n\t\t\t\t\t\t\t<\/div>\n\t\t<\/section>\n\t\t\t\t\t\t\t<\/div>\n\t\t","protected":false},"excerpt":{"rendered":"<p>&#8222;Am Abend muss man zufrieden sein&#8230;&#8220; \u00dcber uns Die Arbeit mit Holz hat mich seit fr\u00fchester Jugend begeistert. Vielleicht umso mehr, da ich eigentlich aus einer reinen \u201eMetaller-Familie\u201c stamme. Aber \u201eHolz im Haus\u201c faszinierte mich schon sehr fr\u00fch, weshalb ich 2007 die m\u00f6belwerkstatt gr\u00fcndete. Der Werkstoff Holz ist dabei so vielf\u00e4ltig und unterschiedlich, dass er [&hellip;]<\/p>\n","protected":false},"author":1,"featured_media":0,"parent":0,"menu_order":0,"comment_status":"closed","ping_status":"open","template":"","meta":{"ocean_post_layout":"","ocean_both_sidebars_style":"","ocean_both_sidebars_content_width":0,"ocean_both_sidebars_sidebars_width":0,"ocean_sidebar":"0","ocean_second_sidebar":"0","ocean_disable_margins":"enable","ocean_add_body_class":"","ocean_shortcode_before_top_bar":"","ocean_shortcode_after_top_bar":"","ocean_shortcode_before_header":"","ocean_shortcode_after_header":"","ocean_has_shortcode":"","ocean_shortcode_after_title":"","ocean_shortcode_before_footer_widgets":"","ocean_shortcode_after_footer_widgets":"","ocean_shortcode_before_footer_bottom":"","ocean_shortcode_after_footer_bottom":"","ocean_display_top_bar":"default","ocean_display_header":"default","ocean_header_style":"","ocean_center_header_left_menu":"0","ocean_custom_header_template":"0","ocean_custom_logo":0,"ocean_custom_retina_logo":0,"ocean_custom_logo_max_width":0,"ocean_custom_logo_tablet_max_width":0,"ocean_custom_logo_mobile_max_width":0,"ocean_custom_logo_max_height":0,"ocean_custom_logo_tablet_max_height":0,"ocean_custom_logo_mobile_max_height":0,"ocean_header_custom_menu":"0","ocean_menu_typo_font_family":"0","ocean_menu_typo_font_subset":"","ocean_menu_typo_font_size":0,"ocean_menu_typo_font_size_tablet":0,"ocean_menu_typo_font_size_mobile":0,"ocean_menu_typo_font_size_unit":"px","ocean_menu_typo_font_weight":"","ocean_menu_typo_font_weight_tablet":"","ocean_menu_typo_font_weight_mobile":"","ocean_menu_typo_transform":"","ocean_menu_typo_transform_tablet":"","ocean_menu_typo_transform_mobile":"","ocean_menu_typo_line_height":0,"ocean_menu_typo_line_height_tablet":0,"ocean_menu_typo_line_height_mobile":0,"ocean_menu_typo_line_height_unit":"","ocean_menu_typo_spacing":0,"ocean_menu_typo_spacing_tablet":0,"ocean_menu_typo_spacing_mobile":0,"ocean_menu_typo_spacing_unit":"","ocean_menu_link_color":"","ocean_menu_link_color_hover":"","ocean_menu_link_color_active":"","ocean_menu_link_background":"","ocean_menu_link_hover_background":"","ocean_menu_link_active_background":"","ocean_menu_social_links_bg":"","ocean_menu_social_hover_links_bg":"","ocean_menu_social_links_color":"","ocean_menu_social_hover_links_color":"","ocean_disable_title":"default","ocean_disable_heading":"default","ocean_post_title":"","ocean_post_subheading":"","ocean_post_title_style":"","ocean_post_title_background_color":"","ocean_post_title_background":0,"ocean_post_title_bg_image_position":"","ocean_post_title_bg_image_attachment":"","ocean_post_title_bg_image_repeat":"","ocean_post_title_bg_image_size":"","ocean_post_title_height":0,"ocean_post_title_bg_overlay":0.5,"ocean_post_title_bg_overlay_color":"","ocean_disable_breadcrumbs":"default","ocean_breadcrumbs_color":"","ocean_breadcrumbs_separator_color":"","ocean_breadcrumbs_links_color":"","ocean_breadcrumbs_links_hover_color":"","ocean_display_footer_widgets":"default","ocean_display_footer_bottom":"default","ocean_custom_footer_template":"0"},"yoast_head":"<!-- This site is optimized with the Yoast SEO plugin v19.6 - https:\/\/yoast.com\/wordpress\/plugins\/seo\/ -->\n<title>\u00dcber uns - Moebelwerkstatt Gasser<\/title>\n<meta name=\"robots\" content=\"index, follow, max-snippet:-1, max-image-preview:large, max-video-preview:-1\" \/>\n<link rel=\"canonical\" href=\"https:\/\/moebelwerkstatt-gasser.at\/\" \/>\n<meta property=\"og:locale\" content=\"de_DE\" \/>\n<meta property=\"og:type\" content=\"article\" \/>\n<meta property=\"og:title\" content=\"\u00dcber uns - Moebelwerkstatt Gasser\" \/>\n<meta property=\"og:description\" content=\"&#8222;Am Abend muss man zufrieden sein&#8230;&#8220; \u00dcber uns Die Arbeit mit Holz hat mich seit fr\u00fchester Jugend begeistert. Vielleicht umso mehr, da ich eigentlich aus einer reinen \u201eMetaller-Familie\u201c stamme. Aber \u201eHolz im Haus\u201c faszinierte mich schon sehr fr\u00fch, weshalb ich 2007 die m\u00f6belwerkstatt gr\u00fcndete. Der Werkstoff Holz ist dabei so vielf\u00e4ltig und unterschiedlich, dass er [&hellip;]\" \/>\n<meta property=\"og:url\" content=\"https:\/\/moebelwerkstatt-gasser.at\/\" \/>\n<meta property=\"og:site_name\" content=\"Moebelwerkstatt Gasser\" \/>\n<meta property=\"article:modified_time\" content=\"2022-03-02T14:11:57+00:00\" \/>\n<meta property=\"og:image\" content=\"http:\/\/moebelwerkstatt-gasser.at\/wp-content\/uploads\/2021\/12\/forest-3119826_1920.jpg\" \/>\n<meta name=\"twitter:card\" content=\"summary_large_image\" \/>\n<meta name=\"twitter:label1\" content=\"Gesch\u00e4tzte Lesezeit\" \/>\n\t<meta name=\"twitter:data1\" content=\"3 Minuten\" \/>\n<script type=\"application\/ld+json\" class=\"yoast-schema-graph\">{\"@context\":\"https:\/\/schema.org\",\"@graph\":[{\"@type\":\"WebPage\",\"@id\":\"https:\/\/moebelwerkstatt-gasser.at\/\",\"url\":\"https:\/\/moebelwerkstatt-gasser.at\/\",\"name\":\"\u00dcber uns - Moebelwerkstatt Gasser\",\"isPartOf\":{\"@id\":\"https:\/\/moebelwerkstatt-gasser.at\/#website\"},\"datePublished\":\"2021-11-16T07:07:16+00:00\",\"dateModified\":\"2022-03-02T14:11:57+00:00\",\"breadcrumb\":{\"@id\":\"https:\/\/moebelwerkstatt-gasser.at\/#breadcrumb\"},\"inLanguage\":\"de-DE\",\"potentialAction\":[{\"@type\":\"ReadAction\",\"target\":[\"https:\/\/moebelwerkstatt-gasser.at\/\"]}]},{\"@type\":\"BreadcrumbList\",\"@id\":\"https:\/\/moebelwerkstatt-gasser.at\/#breadcrumb\",\"itemListElement\":[{\"@type\":\"ListItem\",\"position\":1,\"name\":\"Startseite\",\"item\":\"https:\/\/moebelwerkstatt-gasser.at\/\"},{\"@type\":\"ListItem\",\"position\":2,\"name\":\"\u00dcber uns\"}]},{\"@type\":\"WebSite\",\"@id\":\"https:\/\/moebelwerkstatt-gasser.at\/#website\",\"url\":\"https:\/\/moebelwerkstatt-gasser.at\/\",\"name\":\"Moebelwerkstatt Gasser\",\"description\":\"\",\"publisher\":{\"@id\":\"https:\/\/moebelwerkstatt-gasser.at\/#organization\"},\"potentialAction\":[{\"@type\":\"SearchAction\",\"target\":{\"@type\":\"EntryPoint\",\"urlTemplate\":\"https:\/\/moebelwerkstatt-gasser.at\/?s={search_term_string}\"},\"query-input\":\"required name=search_term_string\"}],\"inLanguage\":\"de-DE\"},{\"@type\":\"Organization\",\"@id\":\"https:\/\/moebelwerkstatt-gasser.at\/#organization\",\"name\":\"m\u00f6belwerkstatt - Manfred Gasser\",\"url\":\"https:\/\/moebelwerkstatt-gasser.at\/\",\"sameAs\":[],\"logo\":{\"@type\":\"ImageObject\",\"inLanguage\":\"de-DE\",\"@id\":\"https:\/\/moebelwerkstatt-gasser.at\/#\/schema\/logo\/image\/\",\"url\":\"http:\/\/moebelwerkstatt-gasser.at\/wp-content\/uploads\/2021\/12\/Logo-moebelwerkstatt.jpg\",\"contentUrl\":\"http:\/\/moebelwerkstatt-gasser.at\/wp-content\/uploads\/2021\/12\/Logo-moebelwerkstatt.jpg\",\"width\":324,\"height\":117,\"caption\":\"m\u00f6belwerkstatt - Manfred Gasser\"},\"image\":{\"@id\":\"https:\/\/moebelwerkstatt-gasser.at\/#\/schema\/logo\/image\/\"}}]}<\/script>\n<!-- \/ Yoast SEO plugin. -->","yoast_head_json":{"title":"\u00dcber uns - Moebelwerkstatt Gasser","robots":{"index":"index","follow":"follow","max-snippet":"max-snippet:-1","max-image-preview":"max-image-preview:large","max-video-preview":"max-video-preview:-1"},"canonical":"https:\/\/moebelwerkstatt-gasser.at\/","og_locale":"de_DE","og_type":"article","og_title":"\u00dcber uns - Moebelwerkstatt Gasser","og_description":"&#8222;Am Abend muss man zufrieden sein&#8230;&#8220; \u00dcber uns Die Arbeit mit Holz hat mich seit fr\u00fchester Jugend begeistert. Vielleicht umso mehr, da ich eigentlich aus einer reinen \u201eMetaller-Familie\u201c stamme. Aber \u201eHolz im Haus\u201c faszinierte mich schon sehr fr\u00fch, weshalb ich 2007 die m\u00f6belwerkstatt gr\u00fcndete. Der Werkstoff Holz ist dabei so vielf\u00e4ltig und unterschiedlich, dass er [&hellip;]","og_url":"https:\/\/moebelwerkstatt-gasser.at\/","og_site_name":"Moebelwerkstatt Gasser","article_modified_time":"2022-03-02T14:11:57+00:00","og_image":[{"url":"http:\/\/moebelwerkstatt-gasser.at\/wp-content\/uploads\/2021\/12\/forest-3119826_1920.jpg"}],"twitter_card":"summary_large_image","twitter_misc":{"Gesch\u00e4tzte Lesezeit":"3 Minuten"},"schema":{"@context":"https:\/\/schema.org","@graph":[{"@type":"WebPage","@id":"https:\/\/moebelwerkstatt-gasser.at\/","url":"https:\/\/moebelwerkstatt-gasser.at\/","name":"\u00dcber uns - Moebelwerkstatt Gasser","isPartOf":{"@id":"https:\/\/moebelwerkstatt-gasser.at\/#website"},"datePublished":"2021-11-16T07:07:16+00:00","dateModified":"2022-03-02T14:11:57+00:00","breadcrumb":{"@id":"https:\/\/moebelwerkstatt-gasser.at\/#breadcrumb"},"inLanguage":"de-DE","potentialAction":[{"@type":"ReadAction","target":["https:\/\/moebelwerkstatt-gasser.at\/"]}]},{"@type":"BreadcrumbList","@id":"https:\/\/moebelwerkstatt-gasser.at\/#breadcrumb","itemListElement":[{"@type":"ListItem","position":1,"name":"Startseite","item":"https:\/\/moebelwerkstatt-gasser.at\/"},{"@type":"ListItem","position":2,"name":"\u00dcber uns"}]},{"@type":"WebSite","@id":"https:\/\/moebelwerkstatt-gasser.at\/#website","url":"https:\/\/moebelwerkstatt-gasser.at\/","name":"Moebelwerkstatt Gasser","description":"","publisher":{"@id":"https:\/\/moebelwerkstatt-gasser.at\/#organization"},"potentialAction":[{"@type":"SearchAction","target":{"@type":"EntryPoint","urlTemplate":"https:\/\/moebelwerkstatt-gasser.at\/?s={search_term_string}"},"query-input":"required name=search_term_string"}],"inLanguage":"de-DE"},{"@type":"Organization","@id":"https:\/\/moebelwerkstatt-gasser.at\/#organization","name":"m\u00f6belwerkstatt - Manfred Gasser","url":"https:\/\/moebelwerkstatt-gasser.at\/","sameAs":[],"logo":{"@type":"ImageObject","inLanguage":"de-DE","@id":"https:\/\/moebelwerkstatt-gasser.at\/#\/schema\/logo\/image\/","url":"http:\/\/moebelwerkstatt-gasser.at\/wp-content\/uploads\/2021\/12\/Logo-moebelwerkstatt.jpg","contentUrl":"http:\/\/moebelwerkstatt-gasser.at\/wp-content\/uploads\/2021\/12\/Logo-moebelwerkstatt.jpg","width":324,"height":117,"caption":"m\u00f6belwerkstatt - Manfred Gasser"},"image":{"@id":"https:\/\/moebelwerkstatt-gasser.at\/#\/schema\/logo\/image\/"}}]}},"_links":{"self":[{"href":"https:\/\/moebelwerkstatt-gasser.at\/index.php\/wp-json\/wp\/v2\/pages\/2"}],"collection":[{"href":"https:\/\/moebelwerkstatt-gasser.at\/index.php\/wp-json\/wp\/v2\/pages"}],"about":[{"href":"https:\/\/moebelwerkstatt-gasser.at\/index.php\/wp-json\/wp\/v2\/types\/page"}],"author":[{"embeddable":true,"href":"https:\/\/moebelwerkstatt-gasser.at\/index.php\/wp-json\/wp\/v2\/users\/1"}],"replies":[{"embeddable":true,"href":"https:\/\/moebelwerkstatt-gasser.at\/index.php\/wp-json\/wp\/v2\/comments?post=2"}],"version-history":[{"count":187,"href":"https:\/\/moebelwerkstatt-gasser.at\/index.php\/wp-json\/wp\/v2\/pages\/2\/revisions"}],"predecessor-version":[{"id":1123,"href":"https:\/\/moebelwerkstatt-gasser.at\/index.php\/wp-json\/wp\/v2\/pages\/2\/revisions\/1123"}],"wp:attachment":[{"href":"https:\/\/moebelwerkstatt-gasser.at\/index.php\/wp-json\/wp\/v2\/media?parent=2"}],"curies":[{"name":"wp","href":"https:\/\/api.w.org\/{rel}","templated":true}]}}