{"id":21,"date":"2021-12-16T10:53:00","date_gmt":"2021-12-16T10:53:00","guid":{"rendered":"http:\/\/moebelwerkstatt-gasser.at\/?page_id=21"},"modified":"2022-03-01T16:48:14","modified_gmt":"2022-03-01T16:48:14","slug":"jobs","status":"publish","type":"page","link":"https:\/\/moebelwerkstatt-gasser.at\/index.php\/jobs\/","title":{"rendered":"Jobs"},"content":{"rendered":"\t\t<div data-elementor-type=\"wp-page\" data-elementor-id=\"21\" class=\"elementor elementor-21\">\n\t\t\t\t\t\t\t\t\t<section class=\"elementor-section elementor-top-section elementor-element elementor-element-32cca8ed elementor-section-content-middle elementor-section-boxed elementor-section-height-default elementor-section-height-default\" data-id=\"32cca8ed\" data-element_type=\"section\">\n\t\t\t\t\t\t<div class=\"elementor-container elementor-column-gap-no\">\n\t\t\t\t\t<div class=\"elementor-column elementor-col-100 elementor-top-column elementor-element elementor-element-66274196\" data-id=\"66274196\" data-element_type=\"column\">\n\t\t\t<div class=\"elementor-widget-wrap elementor-element-populated\">\n\t\t\t\t\t\t\t\t<div class=\"elementor-element elementor-element-68cbdb78 elementor-widget elementor-widget-heading\" data-id=\"68cbdb78\" data-element_type=\"widget\" data-widget_type=\"heading.default\">\n\t\t\t\t<div class=\"elementor-widget-container\">\n\t\t\t<style>\/*! elementor - v3.7.3 - 29-08-2022 *\/\n.elementor-heading-title{padding:0;margin:0;line-height:1}.elementor-widget-heading .elementor-heading-title[class*=elementor-size-]>a{color:inherit;font-size:inherit;line-height:inherit}.elementor-widget-heading .elementor-heading-title.elementor-size-small{font-size:15px}.elementor-widget-heading .elementor-heading-title.elementor-size-medium{font-size:19px}.elementor-widget-heading .elementor-heading-title.elementor-size-large{font-size:29px}.elementor-widget-heading .elementor-heading-title.elementor-size-xl{font-size:39px}.elementor-widget-heading .elementor-heading-title.elementor-size-xxl{font-size:59px}<\/style><h4 class=\"elementor-heading-title elementor-size-default\">Wir suchen Dich...<\/h4>\t\t<\/div>\n\t\t\t\t<\/div>\n\t\t\t\t<section class=\"elementor-section elementor-inner-section elementor-element elementor-element-6eeea06a elementor-section-content-middle elementor-section-boxed elementor-section-height-default elementor-section-height-default\" data-id=\"6eeea06a\" data-element_type=\"section\">\n\t\t\t\t\t\t<div class=\"elementor-container elementor-column-gap-no\">\n\t\t\t\t\t<div class=\"elementor-column elementor-col-50 elementor-inner-column elementor-element elementor-element-4db5bca7\" data-id=\"4db5bca7\" data-element_type=\"column\">\n\t\t\t<div class=\"elementor-widget-wrap elementor-element-populated\">\n\t\t\t\t\t\t\t\t<div class=\"elementor-element elementor-element-4d4626ed elementor-widget elementor-widget-image\" data-id=\"4d4626ed\" data-element_type=\"widget\" data-widget_type=\"image.default\">\n\t\t\t\t<div class=\"elementor-widget-container\">\n\t\t\t<style>\/*! elementor - v3.7.3 - 29-08-2022 *\/\n.elementor-widget-image{text-align:center}.elementor-widget-image a{display:inline-block}.elementor-widget-image a img[src$=\".svg\"]{width:48px}.elementor-widget-image img{vertical-align:middle;display:inline-block}<\/style>\t\t\t\t\t\t\t\t\t\t\t\t<img width=\"1024\" height=\"681\" src=\"https:\/\/moebelwerkstatt-gasser.at\/wp-content\/uploads\/2022\/01\/Jobs-1024x681.jpg\" class=\"attachment-large size-large\" alt=\"m\u00f6belwerkstatt-Jobs1\" loading=\"lazy\" srcset=\"https:\/\/moebelwerkstatt-gasser.at\/wp-content\/uploads\/2022\/01\/Jobs-1024x681.jpg 1024w, https:\/\/moebelwerkstatt-gasser.at\/wp-content\/uploads\/2022\/01\/Jobs-300x199.jpg 300w, https:\/\/moebelwerkstatt-gasser.at\/wp-content\/uploads\/2022\/01\/Jobs-768x511.jpg 768w, https:\/\/moebelwerkstatt-gasser.at\/wp-content\/uploads\/2022\/01\/Jobs.jpg 1280w\" sizes=\"(max-width: 1024px) 100vw, 1024px\" \/>\t\t\t\t\t\t\t\t\t\t\t\t\t\t\t<\/div>\n\t\t\t\t<\/div>\n\t\t\t\t\t<\/div>\n\t\t<\/div>\n\t\t\t\t<div class=\"elementor-column elementor-col-50 elementor-inner-column elementor-element elementor-element-7a8b8d6\" data-id=\"7a8b8d6\" data-element_type=\"column\">\n\t\t\t<div class=\"elementor-widget-wrap elementor-element-populated\">\n\t\t\t\t\t\t\t\t<div class=\"elementor-element elementor-element-30f1c32b elementor-widget elementor-widget-heading\" data-id=\"30f1c32b\" data-element_type=\"widget\" data-widget_type=\"heading.default\">\n\t\t\t\t<div class=\"elementor-widget-container\">\n\t\t\t<h2 class=\"elementor-heading-title elementor-size-default\">Lehrlinge und Praktikanten: \"Tischler & Tischlereitechnik\"<\/h2>\t\t<\/div>\n\t\t\t\t<\/div>\n\t\t\t\t<div class=\"elementor-element elementor-element-44dfe6f0 elementor-widget elementor-widget-text-editor\" data-id=\"44dfe6f0\" data-element_type=\"widget\" data-widget_type=\"text-editor.default\">\n\t\t\t\t<div class=\"elementor-widget-container\">\n\t\t\t<style>\/*! elementor - v3.7.3 - 29-08-2022 *\/\n.elementor-widget-text-editor.elementor-drop-cap-view-stacked .elementor-drop-cap{background-color:#818a91;color:#fff}.elementor-widget-text-editor.elementor-drop-cap-view-framed .elementor-drop-cap{color:#818a91;border:3px solid;background-color:transparent}.elementor-widget-text-editor:not(.elementor-drop-cap-view-default) .elementor-drop-cap{margin-top:8px}.elementor-widget-text-editor:not(.elementor-drop-cap-view-default) .elementor-drop-cap-letter{width:1em;height:1em}.elementor-widget-text-editor .elementor-drop-cap{float:left;text-align:center;line-height:1;font-size:50px}.elementor-widget-text-editor .elementor-drop-cap-letter{display:inline-block}<\/style>\t\t\t\t<p style=\"text-align: left;\">Du interessierst Dich f\u00fcr die Arbeit mit Holz und den Beruf des Tischlers? Wir suchen laufend Lehrlinge und Praktikanten und freuen uns auf Deine Bewerbung f\u00fcr eine Lehrstelle oder ein Praktikum in unserer m\u00f6belwerkstatt.<\/p><p style=\"text-align: left;\">Sende einfach Deine vollst\u00e4ndigen Bewerbungsunterlagen an:<\/p><p style=\"text-align: left;\"><a href=\"mailto:info@moebelwerkstatt-gasser.at\">info@moebelwerkstatt-gasser.at<\/a><\/p>\t\t\t\t\t\t<\/div>\n\t\t\t\t<\/div>\n\t\t\t\t\t<\/div>\n\t\t<\/div>\n\t\t\t\t\t\t\t<\/div>\n\t\t<\/section>\n\t\t\t\t<section class=\"elementor-section elementor-inner-section elementor-element elementor-element-7d63ca8 elementor-section-content-middle elementor-section-boxed elementor-section-height-default elementor-section-height-default\" data-id=\"7d63ca8\" data-element_type=\"section\">\n\t\t\t\t\t\t<div class=\"elementor-container elementor-column-gap-no\">\n\t\t\t\t\t<div class=\"elementor-column elementor-col-50 elementor-inner-column elementor-element elementor-element-5ea9379\" data-id=\"5ea9379\" data-element_type=\"column\">\n\t\t\t<div class=\"elementor-widget-wrap elementor-element-populated\">\n\t\t\t\t\t\t\t\t<div class=\"elementor-element elementor-element-c41a2bc elementor-widget elementor-widget-image\" data-id=\"c41a2bc\" data-element_type=\"widget\" data-widget_type=\"image.default\">\n\t\t\t\t<div class=\"elementor-widget-container\">\n\t\t\t\t\t\t\t\t\t\t\t\t\t\t\t<img width=\"1024\" height=\"683\" src=\"https:\/\/moebelwerkstatt-gasser.at\/wp-content\/uploads\/2022\/03\/Jobs-2-1024x683.jpg\" class=\"attachment-large size-large\" alt=\"\" loading=\"lazy\" srcset=\"https:\/\/moebelwerkstatt-gasser.at\/wp-content\/uploads\/2022\/03\/Jobs-2-1024x683.jpg 1024w, https:\/\/moebelwerkstatt-gasser.at\/wp-content\/uploads\/2022\/03\/Jobs-2-300x200.jpg 300w, https:\/\/moebelwerkstatt-gasser.at\/wp-content\/uploads\/2022\/03\/Jobs-2-768x512.jpg 768w, https:\/\/moebelwerkstatt-gasser.at\/wp-content\/uploads\/2022\/03\/Jobs-2-1536x1024.jpg 1536w, https:\/\/moebelwerkstatt-gasser.at\/wp-content\/uploads\/2022\/03\/Jobs-2-2048x1365.jpg 2048w\" sizes=\"(max-width: 1024px) 100vw, 1024px\" \/>\t\t\t\t\t\t\t\t\t\t\t\t\t\t\t<\/div>\n\t\t\t\t<\/div>\n\t\t\t\t\t<\/div>\n\t\t<\/div>\n\t\t\t\t<div class=\"elementor-column elementor-col-50 elementor-inner-column elementor-element elementor-element-118e951\" data-id=\"118e951\" data-element_type=\"column\">\n\t\t\t<div class=\"elementor-widget-wrap elementor-element-populated\">\n\t\t\t\t\t\t\t\t<div class=\"elementor-element elementor-element-f011804 elementor-widget elementor-widget-heading\" data-id=\"f011804\" data-element_type=\"widget\" data-widget_type=\"heading.default\">\n\t\t\t\t<div class=\"elementor-widget-container\">\n\t\t\t<h2 class=\"elementor-heading-title elementor-size-default\">Facharbeiter: \"Tischler & Tischlereitechnik\"<\/h2>\t\t<\/div>\n\t\t\t\t<\/div>\n\t\t\t\t<div class=\"elementor-element elementor-element-d7636e6 elementor-widget elementor-widget-text-editor\" data-id=\"d7636e6\" data-element_type=\"widget\" data-widget_type=\"text-editor.default\">\n\t\t\t\t<div class=\"elementor-widget-container\">\n\t\t\t\t\t\t\t<p style=\"text-align: left;\">Derzeit haben wir keine offenen Stellen im Bereich Tischler oder Tischlereitechnik in der m\u00f6belwerkstatt ausgeschrieben. Sie k\u00f6nnen uns trotzdem sehr gerne Ihre vollst\u00e4ndigen Unterlagen als Initiativbewerbung zusenden:<\/p><p style=\"text-align: left;\"><a href=\"mailto:info@moebelwerkstatt-gasser.at\">info@moebelwerkstatt-gasser.at<\/a><\/p>\t\t\t\t\t\t<\/div>\n\t\t\t\t<\/div>\n\t\t\t\t\t<\/div>\n\t\t<\/div>\n\t\t\t\t\t\t\t<\/div>\n\t\t<\/section>\n\t\t\t\t\t<\/div>\n\t\t<\/div>\n\t\t\t\t\t\t\t<\/div>\n\t\t<\/section>\n\t\t\t\t\t\t\t<\/div>\n\t\t","protected":false},"excerpt":{"rendered":"<p>Wir suchen Dich&#8230; Lehrlinge und Praktikanten: &#8222;Tischler &#038; Tischlereitechnik&#8220; Du interessierst Dich f\u00fcr die Arbeit mit Holz und den Beruf des Tischlers? Wir suchen laufend Lehrlinge und Praktikanten und freuen uns auf Deine Bewerbung f\u00fcr eine Lehrstelle oder ein Praktikum in unserer m\u00f6belwerkstatt. Sende einfach Deine vollst\u00e4ndigen Bewerbungsunterlagen an: info@moebelwerkstatt-gasser.at Facharbeiter: &#8222;Tischler &#038; Tischlereitechnik&#8220; Derzeit [&hellip;]<\/p>\n","protected":false},"author":1,"featured_media":0,"parent":0,"menu_order":0,"comment_status":"closed","ping_status":"closed","template":"","meta":{"ocean_post_layout":"","ocean_both_sidebars_style":"","ocean_both_sidebars_content_width":0,"ocean_both_sidebars_sidebars_width":0,"ocean_sidebar":"0","ocean_second_sidebar":"0","ocean_disable_margins":"enable","ocean_add_body_class":"","ocean_shortcode_before_top_bar":"","ocean_shortcode_after_top_bar":"","ocean_shortcode_before_header":"","ocean_shortcode_after_header":"","ocean_has_shortcode":"","ocean_shortcode_after_title":"","ocean_shortcode_before_footer_widgets":"","ocean_shortcode_after_footer_widgets":"","ocean_shortcode_before_footer_bottom":"","ocean_shortcode_after_footer_bottom":"","ocean_display_top_bar":"default","ocean_display_header":"default","ocean_header_style":"","ocean_center_header_left_menu":"0","ocean_custom_header_template":"0","ocean_custom_logo":0,"ocean_custom_retina_logo":0,"ocean_custom_logo_max_width":0,"ocean_custom_logo_tablet_max_width":0,"ocean_custom_logo_mobile_max_width":0,"ocean_custom_logo_max_height":0,"ocean_custom_logo_tablet_max_height":0,"ocean_custom_logo_mobile_max_height":0,"ocean_header_custom_menu":"0","ocean_menu_typo_font_family":"0","ocean_menu_typo_font_subset":"","ocean_menu_typo_font_size":0,"ocean_menu_typo_font_size_tablet":0,"ocean_menu_typo_font_size_mobile":0,"ocean_menu_typo_font_size_unit":"px","ocean_menu_typo_font_weight":"","ocean_menu_typo_font_weight_tablet":"","ocean_menu_typo_font_weight_mobile":"","ocean_menu_typo_transform":"","ocean_menu_typo_transform_tablet":"","ocean_menu_typo_transform_mobile":"","ocean_menu_typo_line_height":0,"ocean_menu_typo_line_height_tablet":0,"ocean_menu_typo_line_height_mobile":0,"ocean_menu_typo_line_height_unit":"","ocean_menu_typo_spacing":0,"ocean_menu_typo_spacing_tablet":0,"ocean_menu_typo_spacing_mobile":0,"ocean_menu_typo_spacing_unit":"","ocean_menu_link_color":"","ocean_menu_link_color_hover":"","ocean_menu_link_color_active":"","ocean_menu_link_background":"","ocean_menu_link_hover_background":"","ocean_menu_link_active_background":"","ocean_menu_social_links_bg":"","ocean_menu_social_hover_links_bg":"","ocean_menu_social_links_color":"","ocean_menu_social_hover_links_color":"","ocean_disable_title":"default","ocean_disable_heading":"default","ocean_post_title":"","ocean_post_subheading":"","ocean_post_title_style":"","ocean_post_title_background_color":"","ocean_post_title_background":0,"ocean_post_title_bg_image_position":"","ocean_post_title_bg_image_attachment":"","ocean_post_title_bg_image_repeat":"","ocean_post_title_bg_image_size":"","ocean_post_title_height":0,"ocean_post_title_bg_overlay":0.5,"ocean_post_title_bg_overlay_color":"","ocean_disable_breadcrumbs":"default","ocean_breadcrumbs_color":"","ocean_breadcrumbs_separator_color":"","ocean_breadcrumbs_links_color":"","ocean_breadcrumbs_links_hover_color":"","ocean_display_footer_widgets":"default","ocean_display_footer_bottom":"default","ocean_custom_footer_template":"0"},"yoast_head":"<!-- This site is optimized with the Yoast SEO plugin v19.6 - https:\/\/yoast.com\/wordpress\/plugins\/seo\/ -->\n<title>Jobs - Moebelwerkstatt Gasser<\/title>\n<meta name=\"robots\" content=\"index, follow, max-snippet:-1, max-image-preview:large, max-video-preview:-1\" \/>\n<link rel=\"canonical\" href=\"https:\/\/moebelwerkstatt-gasser.at\/index.php\/jobs\/\" \/>\n<meta property=\"og:locale\" content=\"de_DE\" \/>\n<meta property=\"og:type\" content=\"article\" \/>\n<meta property=\"og:title\" content=\"Jobs - Moebelwerkstatt Gasser\" \/>\n<meta property=\"og:description\" content=\"Wir suchen Dich&#8230; Lehrlinge und Praktikanten: &#8222;Tischler &#038; Tischlereitechnik&#8220; Du interessierst Dich f\u00fcr die Arbeit mit Holz und den Beruf des Tischlers? Wir suchen laufend Lehrlinge und Praktikanten und freuen uns auf Deine Bewerbung f\u00fcr eine Lehrstelle oder ein Praktikum in unserer m\u00f6belwerkstatt. Sende einfach Deine vollst\u00e4ndigen Bewerbungsunterlagen an: info@moebelwerkstatt-gasser.at Facharbeiter: &#8222;Tischler &#038; Tischlereitechnik&#8220; Derzeit [&hellip;]\" \/>\n<meta property=\"og:url\" content=\"https:\/\/moebelwerkstatt-gasser.at\/index.php\/jobs\/\" \/>\n<meta property=\"og:site_name\" content=\"Moebelwerkstatt Gasser\" \/>\n<meta property=\"article:modified_time\" content=\"2022-03-01T16:48:14+00:00\" \/>\n<meta property=\"og:image\" content=\"http:\/\/moebelwerkstatt-gasser.at\/wp-content\/uploads\/2022\/01\/Jobs-1024x681.jpg\" \/>\n<meta name=\"twitter:card\" content=\"summary_large_image\" \/>\n<script type=\"application\/ld+json\" class=\"yoast-schema-graph\">{\"@context\":\"https:\/\/schema.org\",\"@graph\":[{\"@type\":\"WebPage\",\"@id\":\"https:\/\/moebelwerkstatt-gasser.at\/index.php\/jobs\/\",\"url\":\"https:\/\/moebelwerkstatt-gasser.at\/index.php\/jobs\/\",\"name\":\"Jobs - Moebelwerkstatt Gasser\",\"isPartOf\":{\"@id\":\"https:\/\/moebelwerkstatt-gasser.at\/#website\"},\"datePublished\":\"2021-12-16T10:53:00+00:00\",\"dateModified\":\"2022-03-01T16:48:14+00:00\",\"breadcrumb\":{\"@id\":\"https:\/\/moebelwerkstatt-gasser.at\/index.php\/jobs\/#breadcrumb\"},\"inLanguage\":\"de-DE\",\"potentialAction\":[{\"@type\":\"ReadAction\",\"target\":[\"https:\/\/moebelwerkstatt-gasser.at\/index.php\/jobs\/\"]}]},{\"@type\":\"BreadcrumbList\",\"@id\":\"https:\/\/moebelwerkstatt-gasser.at\/index.php\/jobs\/#breadcrumb\",\"itemListElement\":[{\"@type\":\"ListItem\",\"position\":1,\"name\":\"Startseite\",\"item\":\"https:\/\/moebelwerkstatt-gasser.at\/\"},{\"@type\":\"ListItem\",\"position\":2,\"name\":\"Jobs\"}]},{\"@type\":\"WebSite\",\"@id\":\"https:\/\/moebelwerkstatt-gasser.at\/#website\",\"url\":\"https:\/\/moebelwerkstatt-gasser.at\/\",\"name\":\"Moebelwerkstatt Gasser\",\"description\":\"\",\"publisher\":{\"@id\":\"https:\/\/moebelwerkstatt-gasser.at\/#organization\"},\"potentialAction\":[{\"@type\":\"SearchAction\",\"target\":{\"@type\":\"EntryPoint\",\"urlTemplate\":\"https:\/\/moebelwerkstatt-gasser.at\/?s={search_term_string}\"},\"query-input\":\"required name=search_term_string\"}],\"inLanguage\":\"de-DE\"},{\"@type\":\"Organization\",\"@id\":\"https:\/\/moebelwerkstatt-gasser.at\/#organization\",\"name\":\"m\u00f6belwerkstatt - Manfred Gasser\",\"url\":\"https:\/\/moebelwerkstatt-gasser.at\/\",\"sameAs\":[],\"logo\":{\"@type\":\"ImageObject\",\"inLanguage\":\"de-DE\",\"@id\":\"https:\/\/moebelwerkstatt-gasser.at\/#\/schema\/logo\/image\/\",\"url\":\"http:\/\/moebelwerkstatt-gasser.at\/wp-content\/uploads\/2021\/12\/Logo-moebelwerkstatt.jpg\",\"contentUrl\":\"http:\/\/moebelwerkstatt-gasser.at\/wp-content\/uploads\/2021\/12\/Logo-moebelwerkstatt.jpg\",\"width\":324,\"height\":117,\"caption\":\"m\u00f6belwerkstatt - Manfred Gasser\"},\"image\":{\"@id\":\"https:\/\/moebelwerkstatt-gasser.at\/#\/schema\/logo\/image\/\"}}]}<\/script>\n<!-- \/ Yoast SEO plugin. -->","yoast_head_json":{"title":"Jobs - Moebelwerkstatt Gasser","robots":{"index":"index","follow":"follow","max-snippet":"max-snippet:-1","max-image-preview":"max-image-preview:large","max-video-preview":"max-video-preview:-1"},"canonical":"https:\/\/moebelwerkstatt-gasser.at\/index.php\/jobs\/","og_locale":"de_DE","og_type":"article","og_title":"Jobs - Moebelwerkstatt Gasser","og_description":"Wir suchen Dich&#8230; Lehrlinge und Praktikanten: &#8222;Tischler &#038; Tischlereitechnik&#8220; Du interessierst Dich f\u00fcr die Arbeit mit Holz und den Beruf des Tischlers? Wir suchen laufend Lehrlinge und Praktikanten und freuen uns auf Deine Bewerbung f\u00fcr eine Lehrstelle oder ein Praktikum in unserer m\u00f6belwerkstatt. Sende einfach Deine vollst\u00e4ndigen Bewerbungsunterlagen an: info@moebelwerkstatt-gasser.at Facharbeiter: &#8222;Tischler &#038; Tischlereitechnik&#8220; Derzeit [&hellip;]","og_url":"https:\/\/moebelwerkstatt-gasser.at\/index.php\/jobs\/","og_site_name":"Moebelwerkstatt Gasser","article_modified_time":"2022-03-01T16:48:14+00:00","og_image":[{"url":"http:\/\/moebelwerkstatt-gasser.at\/wp-content\/uploads\/2022\/01\/Jobs-1024x681.jpg"}],"twitter_card":"summary_large_image","schema":{"@context":"https:\/\/schema.org","@graph":[{"@type":"WebPage","@id":"https:\/\/moebelwerkstatt-gasser.at\/index.php\/jobs\/","url":"https:\/\/moebelwerkstatt-gasser.at\/index.php\/jobs\/","name":"Jobs - Moebelwerkstatt Gasser","isPartOf":{"@id":"https:\/\/moebelwerkstatt-gasser.at\/#website"},"datePublished":"2021-12-16T10:53:00+00:00","dateModified":"2022-03-01T16:48:14+00:00","breadcrumb":{"@id":"https:\/\/moebelwerkstatt-gasser.at\/index.php\/jobs\/#breadcrumb"},"inLanguage":"de-DE","potentialAction":[{"@type":"ReadAction","target":["https:\/\/moebelwerkstatt-gasser.at\/index.php\/jobs\/"]}]},{"@type":"BreadcrumbList","@id":"https:\/\/moebelwerkstatt-gasser.at\/index.php\/jobs\/#breadcrumb","itemListElement":[{"@type":"ListItem","position":1,"name":"Startseite","item":"https:\/\/moebelwerkstatt-gasser.at\/"},{"@type":"ListItem","position":2,"name":"Jobs"}]},{"@type":"WebSite","@id":"https:\/\/moebelwerkstatt-gasser.at\/#website","url":"https:\/\/moebelwerkstatt-gasser.at\/","name":"Moebelwerkstatt Gasser","description":"","publisher":{"@id":"https:\/\/moebelwerkstatt-gasser.at\/#organization"},"potentialAction":[{"@type":"SearchAction","target":{"@type":"EntryPoint","urlTemplate":"https:\/\/moebelwerkstatt-gasser.at\/?s={search_term_string}"},"query-input":"required name=search_term_string"}],"inLanguage":"de-DE"},{"@type":"Organization","@id":"https:\/\/moebelwerkstatt-gasser.at\/#organization","name":"m\u00f6belwerkstatt - Manfred Gasser","url":"https:\/\/moebelwerkstatt-gasser.at\/","sameAs":[],"logo":{"@type":"ImageObject","inLanguage":"de-DE","@id":"https:\/\/moebelwerkstatt-gasser.at\/#\/schema\/logo\/image\/","url":"http:\/\/moebelwerkstatt-gasser.at\/wp-content\/uploads\/2021\/12\/Logo-moebelwerkstatt.jpg","contentUrl":"http:\/\/moebelwerkstatt-gasser.at\/wp-content\/uploads\/2021\/12\/Logo-moebelwerkstatt.jpg","width":324,"height":117,"caption":"m\u00f6belwerkstatt - Manfred Gasser"},"image":{"@id":"https:\/\/moebelwerkstatt-gasser.at\/#\/schema\/logo\/image\/"}}]}},"_links":{"self":[{"href":"https:\/\/moebelwerkstatt-gasser.at\/index.php\/wp-json\/wp\/v2\/pages\/21"}],"collection":[{"href":"https:\/\/moebelwerkstatt-gasser.at\/index.php\/wp-json\/wp\/v2\/pages"}],"about":[{"href":"https:\/\/moebelwerkstatt-gasser.at\/index.php\/wp-json\/wp\/v2\/types\/page"}],"author":[{"embeddable":true,"href":"https:\/\/moebelwerkstatt-gasser.at\/index.php\/wp-json\/wp\/v2\/users\/1"}],"replies":[{"embeddable":true,"href":"https:\/\/moebelwerkstatt-gasser.at\/index.php\/wp-json\/wp\/v2\/comments?post=21"}],"version-history":[{"count":58,"href":"https:\/\/moebelwerkstatt-gasser.at\/index.php\/wp-json\/wp\/v2\/pages\/21\/revisions"}],"predecessor-version":[{"id":979,"href":"https:\/\/moebelwerkstatt-gasser.at\/index.php\/wp-json\/wp\/v2\/pages\/21\/revisions\/979"}],"wp:attachment":[{"href":"https:\/\/moebelwerkstatt-gasser.at\/index.php\/wp-json\/wp\/v2\/media?parent=21"}],"curies":[{"name":"wp","href":"https:\/\/api.w.org\/{rel}","templated":true}]}}