{"id":25,"date":"2021-12-16T10:53:57","date_gmt":"2021-12-16T10:53:57","guid":{"rendered":"http:\/\/moebelwerkstatt-gasser.at\/?page_id=25"},"modified":"2022-03-01T16:43:45","modified_gmt":"2022-03-01T16:43:45","slug":"planung-beratung","status":"publish","type":"page","link":"https:\/\/moebelwerkstatt-gasser.at\/index.php\/planung-beratung\/","title":{"rendered":"Planung &#038; Beratung"},"content":{"rendered":"\t\t<div data-elementor-type=\"wp-page\" data-elementor-id=\"25\" class=\"elementor elementor-25\">\n\t\t\t\t\t\t\t\t\t<section class=\"elementor-section elementor-top-section elementor-element elementor-element-620d21af elementor-section-content-middle elementor-section-boxed elementor-section-height-default elementor-section-height-default\" data-id=\"620d21af\" data-element_type=\"section\">\n\t\t\t\t\t\t<div class=\"elementor-container elementor-column-gap-no\">\n\t\t\t\t\t<div class=\"elementor-column elementor-col-100 elementor-top-column elementor-element elementor-element-5d669a3f\" data-id=\"5d669a3f\" data-element_type=\"column\">\n\t\t\t<div class=\"elementor-widget-wrap elementor-element-populated\">\n\t\t\t\t\t\t\t\t<div class=\"elementor-element elementor-element-3345cd48 elementor-widget elementor-widget-heading\" data-id=\"3345cd48\" data-element_type=\"widget\" data-widget_type=\"heading.default\">\n\t\t\t\t<div class=\"elementor-widget-container\">\n\t\t\t<style>\/*! elementor - v3.7.3 - 29-08-2022 *\/\n.elementor-heading-title{padding:0;margin:0;line-height:1}.elementor-widget-heading .elementor-heading-title[class*=elementor-size-]>a{color:inherit;font-size:inherit;line-height:inherit}.elementor-widget-heading .elementor-heading-title.elementor-size-small{font-size:15px}.elementor-widget-heading .elementor-heading-title.elementor-size-medium{font-size:19px}.elementor-widget-heading .elementor-heading-title.elementor-size-large{font-size:29px}.elementor-widget-heading .elementor-heading-title.elementor-size-xl{font-size:39px}.elementor-widget-heading .elementor-heading-title.elementor-size-xxl{font-size:59px}<\/style><h4 class=\"elementor-heading-title elementor-size-default\">Planung und Beratung<\/h4>\t\t<\/div>\n\t\t\t\t<\/div>\n\t\t\t\t<section class=\"elementor-section elementor-inner-section elementor-element elementor-element-21ab2984 elementor-section-content-middle elementor-section-boxed elementor-section-height-default elementor-section-height-default\" data-id=\"21ab2984\" data-element_type=\"section\">\n\t\t\t\t\t\t<div class=\"elementor-container elementor-column-gap-no\">\n\t\t\t\t\t<div class=\"elementor-column elementor-col-50 elementor-inner-column elementor-element elementor-element-7a2c939e\" data-id=\"7a2c939e\" data-element_type=\"column\">\n\t\t\t<div class=\"elementor-widget-wrap elementor-element-populated\">\n\t\t\t\t\t\t\t\t<div class=\"elementor-element elementor-element-1e2cf1bb elementor-widget elementor-widget-image\" data-id=\"1e2cf1bb\" data-element_type=\"widget\" data-widget_type=\"image.default\">\n\t\t\t\t<div class=\"elementor-widget-container\">\n\t\t\t<style>\/*! elementor - v3.7.3 - 29-08-2022 *\/\n.elementor-widget-image{text-align:center}.elementor-widget-image a{display:inline-block}.elementor-widget-image a img[src$=\".svg\"]{width:48px}.elementor-widget-image img{vertical-align:middle;display:inline-block}<\/style>\t\t\t\t\t\t\t\t\t\t\t\t<img width=\"1024\" height=\"683\" src=\"https:\/\/moebelwerkstatt-gasser.at\/wp-content\/uploads\/2022\/03\/Planung-und-Beratung-2-1024x683.jpg\" class=\"attachment-large size-large\" alt=\"\" loading=\"lazy\" srcset=\"https:\/\/moebelwerkstatt-gasser.at\/wp-content\/uploads\/2022\/03\/Planung-und-Beratung-2-1024x683.jpg 1024w, https:\/\/moebelwerkstatt-gasser.at\/wp-content\/uploads\/2022\/03\/Planung-und-Beratung-2-300x200.jpg 300w, https:\/\/moebelwerkstatt-gasser.at\/wp-content\/uploads\/2022\/03\/Planung-und-Beratung-2-768x512.jpg 768w, https:\/\/moebelwerkstatt-gasser.at\/wp-content\/uploads\/2022\/03\/Planung-und-Beratung-2-1536x1024.jpg 1536w, https:\/\/moebelwerkstatt-gasser.at\/wp-content\/uploads\/2022\/03\/Planung-und-Beratung-2-2048x1365.jpg 2048w\" sizes=\"(max-width: 1024px) 100vw, 1024px\" \/>\t\t\t\t\t\t\t\t\t\t\t\t\t\t\t<\/div>\n\t\t\t\t<\/div>\n\t\t\t\t\t<\/div>\n\t\t<\/div>\n\t\t\t\t<div class=\"elementor-column elementor-col-50 elementor-inner-column elementor-element elementor-element-6d317101\" data-id=\"6d317101\" data-element_type=\"column\">\n\t\t\t<div class=\"elementor-widget-wrap elementor-element-populated\">\n\t\t\t\t\t\t\t\t<div class=\"elementor-element elementor-element-1fa91a1d elementor-widget elementor-widget-text-editor\" data-id=\"1fa91a1d\" data-element_type=\"widget\" data-widget_type=\"text-editor.default\">\n\t\t\t\t<div class=\"elementor-widget-container\">\n\t\t\t<style>\/*! elementor - v3.7.3 - 29-08-2022 *\/\n.elementor-widget-text-editor.elementor-drop-cap-view-stacked .elementor-drop-cap{background-color:#818a91;color:#fff}.elementor-widget-text-editor.elementor-drop-cap-view-framed .elementor-drop-cap{color:#818a91;border:3px solid;background-color:transparent}.elementor-widget-text-editor:not(.elementor-drop-cap-view-default) .elementor-drop-cap{margin-top:8px}.elementor-widget-text-editor:not(.elementor-drop-cap-view-default) .elementor-drop-cap-letter{width:1em;height:1em}.elementor-widget-text-editor .elementor-drop-cap{float:left;text-align:center;line-height:1;font-size:50px}.elementor-widget-text-editor .elementor-drop-cap-letter{display:inline-block}<\/style>\t\t\t\t<p style=\"text-align: left;\">Jede Planung beginnt sprichw\u00f6rtlich mit einem \u201eleeren Raum\u201c. Unsere Kunden sind bereits w\u00e4hrend dem Planungsprozess dabei. Planung und Beratung gehen bei uns Hand in Hand, damit Sie Ihre Vorstellungen und W\u00fcnsche direkt mit uns teilen k\u00f6nnen.<\/p><p style=\"text-align: left;\">Alle Pl\u00e4ne, v\u00f6llig unabh\u00e4ngig davon, ob K\u00fcche, Wohn- und Schlafbereich, T\u00fcren, Decken, Fu\u00dfb\u00f6den, Treppen oder M\u00f6bel, werden in 3D erstellt. Schlie\u00dflich sollen Sie sich schon vor Fertigungsbeginn Ihren neuen \u201eWohntraum\u201c aus Holz m\u00f6glichst gut vorstellen k\u00f6nnen.<\/p><p style=\"text-align: left;\">Unsere Planungs- und Beratungsleistung gilt selbstverst\u00e4ndlich auch f\u00fcr Umbauprojekte, die wir ebenfalls sehr gerne f\u00fcr Sie ausf\u00fchren. \u00dcbrigens: Falls Sie noch nicht sicher sind, was f\u00fcr ein \u201eHolztyp\u201c Sie sind, erhalten Sie von der <em>m\u00f6belwerkstatt<\/em> ebenfalls professionelle und individuelle Beratung. Wir gehen daf\u00fcr sogar mit Ihnen zum Holzh\u00e4ndler, um das \u201erichtige Holz\u201c f\u00fcr Sie gemeinsam auszusuchen.<\/p>\t\t\t\t\t\t<\/div>\n\t\t\t\t<\/div>\n\t\t\t\t<div class=\"elementor-element elementor-element-203f3f5 elementor-align-right elementor-widget elementor-widget-button\" data-id=\"203f3f5\" data-element_type=\"widget\" data-widget_type=\"button.default\">\n\t\t\t\t<div class=\"elementor-widget-container\">\n\t\t\t\t\t<div class=\"elementor-button-wrapper\">\n\t\t\t<a href=\"http:\/\/moebelwerkstatt-gasser.at\/index.php\/leistungen\/\" class=\"elementor-button-link elementor-button elementor-size-sm\" role=\"button\">\n\t\t\t\t\t\t<span class=\"elementor-button-content-wrapper\">\n\t\t\t\t\t\t<span class=\"elementor-button-text\">Zur\u00fcck<\/span>\n\t\t<\/span>\n\t\t\t\t\t<\/a>\n\t\t<\/div>\n\t\t\t\t<\/div>\n\t\t\t\t<\/div>\n\t\t\t\t\t<\/div>\n\t\t<\/div>\n\t\t\t\t\t\t\t<\/div>\n\t\t<\/section>\n\t\t\t\t\t<\/div>\n\t\t<\/div>\n\t\t\t\t\t\t\t<\/div>\n\t\t<\/section>\n\t\t\t\t\t\t\t<\/div>\n\t\t","protected":false},"excerpt":{"rendered":"<p>Planung und Beratung Jede Planung beginnt sprichw\u00f6rtlich mit einem \u201eleeren Raum\u201c. Unsere Kunden sind bereits w\u00e4hrend dem Planungsprozess dabei. Planung und Beratung gehen bei uns Hand in Hand, damit Sie Ihre Vorstellungen und W\u00fcnsche direkt mit uns teilen k\u00f6nnen. Alle Pl\u00e4ne, v\u00f6llig unabh\u00e4ngig davon, ob K\u00fcche, Wohn- und Schlafbereich, T\u00fcren, Decken, Fu\u00dfb\u00f6den, Treppen oder M\u00f6bel, [&hellip;]<\/p>\n","protected":false},"author":1,"featured_media":0,"parent":0,"menu_order":0,"comment_status":"closed","ping_status":"closed","template":"","meta":{"ocean_post_layout":"","ocean_both_sidebars_style":"","ocean_both_sidebars_content_width":0,"ocean_both_sidebars_sidebars_width":0,"ocean_sidebar":"0","ocean_second_sidebar":"0","ocean_disable_margins":"enable","ocean_add_body_class":"","ocean_shortcode_before_top_bar":"","ocean_shortcode_after_top_bar":"","ocean_shortcode_before_header":"","ocean_shortcode_after_header":"","ocean_has_shortcode":"","ocean_shortcode_after_title":"","ocean_shortcode_before_footer_widgets":"","ocean_shortcode_after_footer_widgets":"","ocean_shortcode_before_footer_bottom":"","ocean_shortcode_after_footer_bottom":"","ocean_display_top_bar":"default","ocean_display_header":"default","ocean_header_style":"","ocean_center_header_left_menu":"0","ocean_custom_header_template":"0","ocean_custom_logo":0,"ocean_custom_retina_logo":0,"ocean_custom_logo_max_width":0,"ocean_custom_logo_tablet_max_width":0,"ocean_custom_logo_mobile_max_width":0,"ocean_custom_logo_max_height":0,"ocean_custom_logo_tablet_max_height":0,"ocean_custom_logo_mobile_max_height":0,"ocean_header_custom_menu":"0","ocean_menu_typo_font_family":"0","ocean_menu_typo_font_subset":"","ocean_menu_typo_font_size":0,"ocean_menu_typo_font_size_tablet":0,"ocean_menu_typo_font_size_mobile":0,"ocean_menu_typo_font_size_unit":"px","ocean_menu_typo_font_weight":"","ocean_menu_typo_font_weight_tablet":"","ocean_menu_typo_font_weight_mobile":"","ocean_menu_typo_transform":"","ocean_menu_typo_transform_tablet":"","ocean_menu_typo_transform_mobile":"","ocean_menu_typo_line_height":0,"ocean_menu_typo_line_height_tablet":0,"ocean_menu_typo_line_height_mobile":0,"ocean_menu_typo_line_height_unit":"","ocean_menu_typo_spacing":0,"ocean_menu_typo_spacing_tablet":0,"ocean_menu_typo_spacing_mobile":0,"ocean_menu_typo_spacing_unit":"","ocean_menu_link_color":"","ocean_menu_link_color_hover":"","ocean_menu_link_color_active":"","ocean_menu_link_background":"","ocean_menu_link_hover_background":"","ocean_menu_link_active_background":"","ocean_menu_social_links_bg":"","ocean_menu_social_hover_links_bg":"","ocean_menu_social_links_color":"","ocean_menu_social_hover_links_color":"","ocean_disable_title":"default","ocean_disable_heading":"default","ocean_post_title":"","ocean_post_subheading":"","ocean_post_title_style":"","ocean_post_title_background_color":"","ocean_post_title_background":0,"ocean_post_title_bg_image_position":"","ocean_post_title_bg_image_attachment":"","ocean_post_title_bg_image_repeat":"","ocean_post_title_bg_image_size":"","ocean_post_title_height":0,"ocean_post_title_bg_overlay":0.5,"ocean_post_title_bg_overlay_color":"","ocean_disable_breadcrumbs":"default","ocean_breadcrumbs_color":"","ocean_breadcrumbs_separator_color":"","ocean_breadcrumbs_links_color":"","ocean_breadcrumbs_links_hover_color":"","ocean_display_footer_widgets":"default","ocean_display_footer_bottom":"default","ocean_custom_footer_template":"0"},"yoast_head":"<!-- This site is optimized with the Yoast SEO plugin v19.6 - https:\/\/yoast.com\/wordpress\/plugins\/seo\/ -->\n<title>Planung &amp; Beratung - Moebelwerkstatt Gasser<\/title>\n<meta name=\"robots\" content=\"index, follow, max-snippet:-1, max-image-preview:large, max-video-preview:-1\" \/>\n<link rel=\"canonical\" href=\"https:\/\/moebelwerkstatt-gasser.at\/index.php\/planung-beratung\/\" \/>\n<meta property=\"og:locale\" content=\"de_DE\" \/>\n<meta property=\"og:type\" content=\"article\" \/>\n<meta property=\"og:title\" content=\"Planung &amp; Beratung - Moebelwerkstatt Gasser\" \/>\n<meta property=\"og:description\" content=\"Planung und Beratung Jede Planung beginnt sprichw\u00f6rtlich mit einem \u201eleeren Raum\u201c. Unsere Kunden sind bereits w\u00e4hrend dem Planungsprozess dabei. Planung und Beratung gehen bei uns Hand in Hand, damit Sie Ihre Vorstellungen und W\u00fcnsche direkt mit uns teilen k\u00f6nnen. Alle Pl\u00e4ne, v\u00f6llig unabh\u00e4ngig davon, ob K\u00fcche, Wohn- und Schlafbereich, T\u00fcren, Decken, Fu\u00dfb\u00f6den, Treppen oder M\u00f6bel, [&hellip;]\" \/>\n<meta property=\"og:url\" content=\"https:\/\/moebelwerkstatt-gasser.at\/index.php\/planung-beratung\/\" \/>\n<meta property=\"og:site_name\" content=\"Moebelwerkstatt Gasser\" \/>\n<meta property=\"article:modified_time\" content=\"2022-03-01T16:43:45+00:00\" \/>\n<meta property=\"og:image\" content=\"http:\/\/moebelwerkstatt-gasser.at\/wp-content\/uploads\/2022\/03\/Planung-und-Beratung-2-1024x683.jpg\" \/>\n<meta name=\"twitter:card\" content=\"summary_large_image\" \/>\n<meta name=\"twitter:label1\" content=\"Gesch\u00e4tzte Lesezeit\" \/>\n\t<meta name=\"twitter:data1\" content=\"1 Minute\" \/>\n<script type=\"application\/ld+json\" class=\"yoast-schema-graph\">{\"@context\":\"https:\/\/schema.org\",\"@graph\":[{\"@type\":\"WebPage\",\"@id\":\"https:\/\/moebelwerkstatt-gasser.at\/index.php\/planung-beratung\/\",\"url\":\"https:\/\/moebelwerkstatt-gasser.at\/index.php\/planung-beratung\/\",\"name\":\"Planung & Beratung - Moebelwerkstatt Gasser\",\"isPartOf\":{\"@id\":\"https:\/\/moebelwerkstatt-gasser.at\/#website\"},\"datePublished\":\"2021-12-16T10:53:57+00:00\",\"dateModified\":\"2022-03-01T16:43:45+00:00\",\"breadcrumb\":{\"@id\":\"https:\/\/moebelwerkstatt-gasser.at\/index.php\/planung-beratung\/#breadcrumb\"},\"inLanguage\":\"de-DE\",\"potentialAction\":[{\"@type\":\"ReadAction\",\"target\":[\"https:\/\/moebelwerkstatt-gasser.at\/index.php\/planung-beratung\/\"]}]},{\"@type\":\"BreadcrumbList\",\"@id\":\"https:\/\/moebelwerkstatt-gasser.at\/index.php\/planung-beratung\/#breadcrumb\",\"itemListElement\":[{\"@type\":\"ListItem\",\"position\":1,\"name\":\"Startseite\",\"item\":\"https:\/\/moebelwerkstatt-gasser.at\/\"},{\"@type\":\"ListItem\",\"position\":2,\"name\":\"Planung &#038; Beratung\"}]},{\"@type\":\"WebSite\",\"@id\":\"https:\/\/moebelwerkstatt-gasser.at\/#website\",\"url\":\"https:\/\/moebelwerkstatt-gasser.at\/\",\"name\":\"Moebelwerkstatt Gasser\",\"description\":\"\",\"publisher\":{\"@id\":\"https:\/\/moebelwerkstatt-gasser.at\/#organization\"},\"potentialAction\":[{\"@type\":\"SearchAction\",\"target\":{\"@type\":\"EntryPoint\",\"urlTemplate\":\"https:\/\/moebelwerkstatt-gasser.at\/?s={search_term_string}\"},\"query-input\":\"required name=search_term_string\"}],\"inLanguage\":\"de-DE\"},{\"@type\":\"Organization\",\"@id\":\"https:\/\/moebelwerkstatt-gasser.at\/#organization\",\"name\":\"m\u00f6belwerkstatt - Manfred Gasser\",\"url\":\"https:\/\/moebelwerkstatt-gasser.at\/\",\"sameAs\":[],\"logo\":{\"@type\":\"ImageObject\",\"inLanguage\":\"de-DE\",\"@id\":\"https:\/\/moebelwerkstatt-gasser.at\/#\/schema\/logo\/image\/\",\"url\":\"http:\/\/moebelwerkstatt-gasser.at\/wp-content\/uploads\/2021\/12\/Logo-moebelwerkstatt.jpg\",\"contentUrl\":\"http:\/\/moebelwerkstatt-gasser.at\/wp-content\/uploads\/2021\/12\/Logo-moebelwerkstatt.jpg\",\"width\":324,\"height\":117,\"caption\":\"m\u00f6belwerkstatt - Manfred Gasser\"},\"image\":{\"@id\":\"https:\/\/moebelwerkstatt-gasser.at\/#\/schema\/logo\/image\/\"}}]}<\/script>\n<!-- \/ Yoast SEO plugin. -->","yoast_head_json":{"title":"Planung & Beratung - Moebelwerkstatt Gasser","robots":{"index":"index","follow":"follow","max-snippet":"max-snippet:-1","max-image-preview":"max-image-preview:large","max-video-preview":"max-video-preview:-1"},"canonical":"https:\/\/moebelwerkstatt-gasser.at\/index.php\/planung-beratung\/","og_locale":"de_DE","og_type":"article","og_title":"Planung & Beratung - Moebelwerkstatt Gasser","og_description":"Planung und Beratung Jede Planung beginnt sprichw\u00f6rtlich mit einem \u201eleeren Raum\u201c. Unsere Kunden sind bereits w\u00e4hrend dem Planungsprozess dabei. Planung und Beratung gehen bei uns Hand in Hand, damit Sie Ihre Vorstellungen und W\u00fcnsche direkt mit uns teilen k\u00f6nnen. Alle Pl\u00e4ne, v\u00f6llig unabh\u00e4ngig davon, ob K\u00fcche, Wohn- und Schlafbereich, T\u00fcren, Decken, Fu\u00dfb\u00f6den, Treppen oder M\u00f6bel, [&hellip;]","og_url":"https:\/\/moebelwerkstatt-gasser.at\/index.php\/planung-beratung\/","og_site_name":"Moebelwerkstatt Gasser","article_modified_time":"2022-03-01T16:43:45+00:00","og_image":[{"url":"http:\/\/moebelwerkstatt-gasser.at\/wp-content\/uploads\/2022\/03\/Planung-und-Beratung-2-1024x683.jpg"}],"twitter_card":"summary_large_image","twitter_misc":{"Gesch\u00e4tzte Lesezeit":"1 Minute"},"schema":{"@context":"https:\/\/schema.org","@graph":[{"@type":"WebPage","@id":"https:\/\/moebelwerkstatt-gasser.at\/index.php\/planung-beratung\/","url":"https:\/\/moebelwerkstatt-gasser.at\/index.php\/planung-beratung\/","name":"Planung & Beratung - Moebelwerkstatt Gasser","isPartOf":{"@id":"https:\/\/moebelwerkstatt-gasser.at\/#website"},"datePublished":"2021-12-16T10:53:57+00:00","dateModified":"2022-03-01T16:43:45+00:00","breadcrumb":{"@id":"https:\/\/moebelwerkstatt-gasser.at\/index.php\/planung-beratung\/#breadcrumb"},"inLanguage":"de-DE","potentialAction":[{"@type":"ReadAction","target":["https:\/\/moebelwerkstatt-gasser.at\/index.php\/planung-beratung\/"]}]},{"@type":"BreadcrumbList","@id":"https:\/\/moebelwerkstatt-gasser.at\/index.php\/planung-beratung\/#breadcrumb","itemListElement":[{"@type":"ListItem","position":1,"name":"Startseite","item":"https:\/\/moebelwerkstatt-gasser.at\/"},{"@type":"ListItem","position":2,"name":"Planung &#038; Beratung"}]},{"@type":"WebSite","@id":"https:\/\/moebelwerkstatt-gasser.at\/#website","url":"https:\/\/moebelwerkstatt-gasser.at\/","name":"Moebelwerkstatt Gasser","description":"","publisher":{"@id":"https:\/\/moebelwerkstatt-gasser.at\/#organization"},"potentialAction":[{"@type":"SearchAction","target":{"@type":"EntryPoint","urlTemplate":"https:\/\/moebelwerkstatt-gasser.at\/?s={search_term_string}"},"query-input":"required name=search_term_string"}],"inLanguage":"de-DE"},{"@type":"Organization","@id":"https:\/\/moebelwerkstatt-gasser.at\/#organization","name":"m\u00f6belwerkstatt - Manfred Gasser","url":"https:\/\/moebelwerkstatt-gasser.at\/","sameAs":[],"logo":{"@type":"ImageObject","inLanguage":"de-DE","@id":"https:\/\/moebelwerkstatt-gasser.at\/#\/schema\/logo\/image\/","url":"http:\/\/moebelwerkstatt-gasser.at\/wp-content\/uploads\/2021\/12\/Logo-moebelwerkstatt.jpg","contentUrl":"http:\/\/moebelwerkstatt-gasser.at\/wp-content\/uploads\/2021\/12\/Logo-moebelwerkstatt.jpg","width":324,"height":117,"caption":"m\u00f6belwerkstatt - Manfred Gasser"},"image":{"@id":"https:\/\/moebelwerkstatt-gasser.at\/#\/schema\/logo\/image\/"}}]}},"_links":{"self":[{"href":"https:\/\/moebelwerkstatt-gasser.at\/index.php\/wp-json\/wp\/v2\/pages\/25"}],"collection":[{"href":"https:\/\/moebelwerkstatt-gasser.at\/index.php\/wp-json\/wp\/v2\/pages"}],"about":[{"href":"https:\/\/moebelwerkstatt-gasser.at\/index.php\/wp-json\/wp\/v2\/types\/page"}],"author":[{"embeddable":true,"href":"https:\/\/moebelwerkstatt-gasser.at\/index.php\/wp-json\/wp\/v2\/users\/1"}],"replies":[{"embeddable":true,"href":"https:\/\/moebelwerkstatt-gasser.at\/index.php\/wp-json\/wp\/v2\/comments?post=25"}],"version-history":[{"count":55,"href":"https:\/\/moebelwerkstatt-gasser.at\/index.php\/wp-json\/wp\/v2\/pages\/25\/revisions"}],"predecessor-version":[{"id":970,"href":"https:\/\/moebelwerkstatt-gasser.at\/index.php\/wp-json\/wp\/v2\/pages\/25\/revisions\/970"}],"wp:attachment":[{"href":"https:\/\/moebelwerkstatt-gasser.at\/index.php\/wp-json\/wp\/v2\/media?parent=25"}],"curies":[{"name":"wp","href":"https:\/\/api.w.org\/{rel}","templated":true}]}}