{"id":29,"date":"2021-12-16T10:54:36","date_gmt":"2021-12-16T10:54:36","guid":{"rendered":"http:\/\/moebelwerkstatt-gasser.at\/?page_id=29"},"modified":"2022-03-01T16:42:22","modified_gmt":"2022-03-01T16:42:22","slug":"montage","status":"publish","type":"page","link":"https:\/\/moebelwerkstatt-gasser.at\/index.php\/montage\/","title":{"rendered":"Montage"},"content":{"rendered":"\t\t<div data-elementor-type=\"wp-page\" data-elementor-id=\"29\" class=\"elementor elementor-29\">\n\t\t\t\t\t\t\t\t\t<section class=\"elementor-section elementor-top-section elementor-element elementor-element-22b30ffb elementor-section-content-middle elementor-section-boxed elementor-section-height-default elementor-section-height-default\" data-id=\"22b30ffb\" data-element_type=\"section\">\n\t\t\t\t\t\t<div class=\"elementor-container elementor-column-gap-no\">\n\t\t\t\t\t<div class=\"elementor-column elementor-col-100 elementor-top-column elementor-element elementor-element-14809f4\" data-id=\"14809f4\" data-element_type=\"column\">\n\t\t\t<div class=\"elementor-widget-wrap elementor-element-populated\">\n\t\t\t\t\t\t\t\t<div class=\"elementor-element elementor-element-5d8a8649 elementor-widget elementor-widget-heading\" data-id=\"5d8a8649\" data-element_type=\"widget\" data-widget_type=\"heading.default\">\n\t\t\t\t<div class=\"elementor-widget-container\">\n\t\t\t<style>\/*! elementor - v3.7.3 - 29-08-2022 *\/\n.elementor-heading-title{padding:0;margin:0;line-height:1}.elementor-widget-heading .elementor-heading-title[class*=elementor-size-]>a{color:inherit;font-size:inherit;line-height:inherit}.elementor-widget-heading .elementor-heading-title.elementor-size-small{font-size:15px}.elementor-widget-heading .elementor-heading-title.elementor-size-medium{font-size:19px}.elementor-widget-heading .elementor-heading-title.elementor-size-large{font-size:29px}.elementor-widget-heading .elementor-heading-title.elementor-size-xl{font-size:39px}.elementor-widget-heading .elementor-heading-title.elementor-size-xxl{font-size:59px}<\/style><h4 class=\"elementor-heading-title elementor-size-default\">Montage & Umbauten<\/h4>\t\t<\/div>\n\t\t\t\t<\/div>\n\t\t\t\t<section class=\"elementor-section elementor-inner-section elementor-element elementor-element-28c28efe elementor-section-content-middle elementor-section-boxed elementor-section-height-default elementor-section-height-default\" data-id=\"28c28efe\" data-element_type=\"section\">\n\t\t\t\t\t\t<div class=\"elementor-container elementor-column-gap-no\">\n\t\t\t\t\t<div class=\"elementor-column elementor-col-50 elementor-inner-column elementor-element elementor-element-15fec723\" data-id=\"15fec723\" data-element_type=\"column\">\n\t\t\t<div class=\"elementor-widget-wrap elementor-element-populated\">\n\t\t\t\t\t\t\t\t<div class=\"elementor-element elementor-element-59a63e25 elementor-widget elementor-widget-image\" data-id=\"59a63e25\" data-element_type=\"widget\" data-widget_type=\"image.default\">\n\t\t\t\t<div class=\"elementor-widget-container\">\n\t\t\t<style>\/*! elementor - v3.7.3 - 29-08-2022 *\/\n.elementor-widget-image{text-align:center}.elementor-widget-image a{display:inline-block}.elementor-widget-image a img[src$=\".svg\"]{width:48px}.elementor-widget-image img{vertical-align:middle;display:inline-block}<\/style>\t\t\t\t\t\t\t\t\t\t\t\t<img width=\"1024\" height=\"683\" src=\"https:\/\/moebelwerkstatt-gasser.at\/wp-content\/uploads\/2022\/03\/Montage-2-1024x683.jpg\" class=\"attachment-large size-large\" alt=\"\" loading=\"lazy\" srcset=\"https:\/\/moebelwerkstatt-gasser.at\/wp-content\/uploads\/2022\/03\/Montage-2-1024x683.jpg 1024w, https:\/\/moebelwerkstatt-gasser.at\/wp-content\/uploads\/2022\/03\/Montage-2-300x200.jpg 300w, https:\/\/moebelwerkstatt-gasser.at\/wp-content\/uploads\/2022\/03\/Montage-2-768x512.jpg 768w, https:\/\/moebelwerkstatt-gasser.at\/wp-content\/uploads\/2022\/03\/Montage-2-1536x1024.jpg 1536w, https:\/\/moebelwerkstatt-gasser.at\/wp-content\/uploads\/2022\/03\/Montage-2-2048x1365.jpg 2048w\" sizes=\"(max-width: 1024px) 100vw, 1024px\" \/>\t\t\t\t\t\t\t\t\t\t\t\t\t\t\t<\/div>\n\t\t\t\t<\/div>\n\t\t\t\t\t<\/div>\n\t\t<\/div>\n\t\t\t\t<div class=\"elementor-column elementor-col-50 elementor-inner-column elementor-element elementor-element-9885a1e\" data-id=\"9885a1e\" data-element_type=\"column\">\n\t\t\t<div class=\"elementor-widget-wrap elementor-element-populated\">\n\t\t\t\t\t\t\t\t<div class=\"elementor-element elementor-element-6b3dcb94 elementor-widget elementor-widget-text-editor\" data-id=\"6b3dcb94\" data-element_type=\"widget\" data-widget_type=\"text-editor.default\">\n\t\t\t\t<div class=\"elementor-widget-container\">\n\t\t\t<style>\/*! elementor - v3.7.3 - 29-08-2022 *\/\n.elementor-widget-text-editor.elementor-drop-cap-view-stacked .elementor-drop-cap{background-color:#818a91;color:#fff}.elementor-widget-text-editor.elementor-drop-cap-view-framed .elementor-drop-cap{color:#818a91;border:3px solid;background-color:transparent}.elementor-widget-text-editor:not(.elementor-drop-cap-view-default) .elementor-drop-cap{margin-top:8px}.elementor-widget-text-editor:not(.elementor-drop-cap-view-default) .elementor-drop-cap-letter{width:1em;height:1em}.elementor-widget-text-editor .elementor-drop-cap{float:left;text-align:center;line-height:1;font-size:50px}.elementor-widget-text-editor .elementor-drop-cap-letter{display:inline-block}<\/style>\t\t\t\t<p style=\"text-align: left;\">Passgenaue Fertigung erfordert auch passgenaue Montage. Wir legen darauf unser h\u00f6chstes Augenmerk, denn ein hochwertiges Holzgewerk verliert an Lebensdauer, wenn es nicht auch mit Pr\u00e4zision montiert oder eingebaut wird.<\/p><p style=\"text-align: left;\">Dazu geh\u00f6rt auch sauberes und st\u00f6rungsfreies Arbeiten. Kurz: Als Kunde werden Sie unsere Montage- und Umbauarbeiten in Ihrem Wohnbereich kaum \u201esp\u00fcren\u201c.<\/p><p style=\"text-align: left;\">Montage- und Umbautermine erfordern auch h\u00f6chste Verl\u00e4sslichkeit, die wir Ihnen garantieren. Zu unserer handwerklichen Qualit\u00e4t bez\u00fcglich Zuverl\u00e4ssigkeit geh\u00f6ren deshalb auch zeitnahe R\u00fcckrufe, wenn Sie uns einmal nicht sofort erreichen sollten.<\/p>\t\t\t\t\t\t<\/div>\n\t\t\t\t<\/div>\n\t\t\t\t<div class=\"elementor-element elementor-element-69a4b8a3 elementor-align-right elementor-widget elementor-widget-button\" data-id=\"69a4b8a3\" data-element_type=\"widget\" data-widget_type=\"button.default\">\n\t\t\t\t<div class=\"elementor-widget-container\">\n\t\t\t\t\t<div class=\"elementor-button-wrapper\">\n\t\t\t<a href=\"http:\/\/moebelwerkstatt-gasser.at\/index.php\/leistungen\/\" class=\"elementor-button-link elementor-button elementor-size-sm\" role=\"button\">\n\t\t\t\t\t\t<span class=\"elementor-button-content-wrapper\">\n\t\t\t\t\t\t<span class=\"elementor-button-text\">Zur\u00fcck<\/span>\n\t\t<\/span>\n\t\t\t\t\t<\/a>\n\t\t<\/div>\n\t\t\t\t<\/div>\n\t\t\t\t<\/div>\n\t\t\t\t\t<\/div>\n\t\t<\/div>\n\t\t\t\t\t\t\t<\/div>\n\t\t<\/section>\n\t\t\t\t\t<\/div>\n\t\t<\/div>\n\t\t\t\t\t\t\t<\/div>\n\t\t<\/section>\n\t\t\t\t\t\t\t<\/div>\n\t\t","protected":false},"excerpt":{"rendered":"<p>Montage &#038; Umbauten Passgenaue Fertigung erfordert auch passgenaue Montage. Wir legen darauf unser h\u00f6chstes Augenmerk, denn ein hochwertiges Holzgewerk verliert an Lebensdauer, wenn es nicht auch mit Pr\u00e4zision montiert oder eingebaut wird. Dazu geh\u00f6rt auch sauberes und st\u00f6rungsfreies Arbeiten. Kurz: Als Kunde werden Sie unsere Montage- und Umbauarbeiten in Ihrem Wohnbereich kaum \u201esp\u00fcren\u201c. Montage- und [&hellip;]<\/p>\n","protected":false},"author":1,"featured_media":0,"parent":0,"menu_order":0,"comment_status":"closed","ping_status":"closed","template":"","meta":{"ocean_post_layout":"","ocean_both_sidebars_style":"","ocean_both_sidebars_content_width":0,"ocean_both_sidebars_sidebars_width":0,"ocean_sidebar":"0","ocean_second_sidebar":"0","ocean_disable_margins":"enable","ocean_add_body_class":"","ocean_shortcode_before_top_bar":"","ocean_shortcode_after_top_bar":"","ocean_shortcode_before_header":"","ocean_shortcode_after_header":"","ocean_has_shortcode":"","ocean_shortcode_after_title":"","ocean_shortcode_before_footer_widgets":"","ocean_shortcode_after_footer_widgets":"","ocean_shortcode_before_footer_bottom":"","ocean_shortcode_after_footer_bottom":"","ocean_display_top_bar":"default","ocean_display_header":"default","ocean_header_style":"","ocean_center_header_left_menu":"0","ocean_custom_header_template":"0","ocean_custom_logo":0,"ocean_custom_retina_logo":0,"ocean_custom_logo_max_width":0,"ocean_custom_logo_tablet_max_width":0,"ocean_custom_logo_mobile_max_width":0,"ocean_custom_logo_max_height":0,"ocean_custom_logo_tablet_max_height":0,"ocean_custom_logo_mobile_max_height":0,"ocean_header_custom_menu":"0","ocean_menu_typo_font_family":"0","ocean_menu_typo_font_subset":"","ocean_menu_typo_font_size":0,"ocean_menu_typo_font_size_tablet":0,"ocean_menu_typo_font_size_mobile":0,"ocean_menu_typo_font_size_unit":"px","ocean_menu_typo_font_weight":"","ocean_menu_typo_font_weight_tablet":"","ocean_menu_typo_font_weight_mobile":"","ocean_menu_typo_transform":"","ocean_menu_typo_transform_tablet":"","ocean_menu_typo_transform_mobile":"","ocean_menu_typo_line_height":0,"ocean_menu_typo_line_height_tablet":0,"ocean_menu_typo_line_height_mobile":0,"ocean_menu_typo_line_height_unit":"","ocean_menu_typo_spacing":0,"ocean_menu_typo_spacing_tablet":0,"ocean_menu_typo_spacing_mobile":0,"ocean_menu_typo_spacing_unit":"","ocean_menu_link_color":"","ocean_menu_link_color_hover":"","ocean_menu_link_color_active":"","ocean_menu_link_background":"","ocean_menu_link_hover_background":"","ocean_menu_link_active_background":"","ocean_menu_social_links_bg":"","ocean_menu_social_hover_links_bg":"","ocean_menu_social_links_color":"","ocean_menu_social_hover_links_color":"","ocean_disable_title":"default","ocean_disable_heading":"default","ocean_post_title":"","ocean_post_subheading":"","ocean_post_title_style":"","ocean_post_title_background_color":"","ocean_post_title_background":0,"ocean_post_title_bg_image_position":"","ocean_post_title_bg_image_attachment":"","ocean_post_title_bg_image_repeat":"","ocean_post_title_bg_image_size":"","ocean_post_title_height":0,"ocean_post_title_bg_overlay":0.5,"ocean_post_title_bg_overlay_color":"","ocean_disable_breadcrumbs":"default","ocean_breadcrumbs_color":"","ocean_breadcrumbs_separator_color":"","ocean_breadcrumbs_links_color":"","ocean_breadcrumbs_links_hover_color":"","ocean_display_footer_widgets":"default","ocean_display_footer_bottom":"default","ocean_custom_footer_template":"0"},"yoast_head":"<!-- This site is optimized with the Yoast SEO plugin v19.6 - https:\/\/yoast.com\/wordpress\/plugins\/seo\/ -->\n<title>Montage - Moebelwerkstatt Gasser<\/title>\n<meta name=\"robots\" content=\"index, follow, max-snippet:-1, max-image-preview:large, max-video-preview:-1\" \/>\n<link rel=\"canonical\" href=\"https:\/\/moebelwerkstatt-gasser.at\/index.php\/montage\/\" \/>\n<meta property=\"og:locale\" content=\"de_DE\" \/>\n<meta property=\"og:type\" content=\"article\" \/>\n<meta property=\"og:title\" content=\"Montage - Moebelwerkstatt Gasser\" \/>\n<meta property=\"og:description\" content=\"Montage &#038; Umbauten Passgenaue Fertigung erfordert auch passgenaue Montage. Wir legen darauf unser h\u00f6chstes Augenmerk, denn ein hochwertiges Holzgewerk verliert an Lebensdauer, wenn es nicht auch mit Pr\u00e4zision montiert oder eingebaut wird. Dazu geh\u00f6rt auch sauberes und st\u00f6rungsfreies Arbeiten. Kurz: Als Kunde werden Sie unsere Montage- und Umbauarbeiten in Ihrem Wohnbereich kaum \u201esp\u00fcren\u201c. Montage- und [&hellip;]\" \/>\n<meta property=\"og:url\" content=\"https:\/\/moebelwerkstatt-gasser.at\/index.php\/montage\/\" \/>\n<meta property=\"og:site_name\" content=\"Moebelwerkstatt Gasser\" \/>\n<meta property=\"article:modified_time\" content=\"2022-03-01T16:42:22+00:00\" \/>\n<meta property=\"og:image\" content=\"http:\/\/moebelwerkstatt-gasser.at\/wp-content\/uploads\/2022\/03\/Montage-2-1024x683.jpg\" \/>\n<meta name=\"twitter:card\" content=\"summary_large_image\" \/>\n<script type=\"application\/ld+json\" class=\"yoast-schema-graph\">{\"@context\":\"https:\/\/schema.org\",\"@graph\":[{\"@type\":\"WebPage\",\"@id\":\"https:\/\/moebelwerkstatt-gasser.at\/index.php\/montage\/\",\"url\":\"https:\/\/moebelwerkstatt-gasser.at\/index.php\/montage\/\",\"name\":\"Montage - Moebelwerkstatt Gasser\",\"isPartOf\":{\"@id\":\"https:\/\/moebelwerkstatt-gasser.at\/#website\"},\"datePublished\":\"2021-12-16T10:54:36+00:00\",\"dateModified\":\"2022-03-01T16:42:22+00:00\",\"breadcrumb\":{\"@id\":\"https:\/\/moebelwerkstatt-gasser.at\/index.php\/montage\/#breadcrumb\"},\"inLanguage\":\"de-DE\",\"potentialAction\":[{\"@type\":\"ReadAction\",\"target\":[\"https:\/\/moebelwerkstatt-gasser.at\/index.php\/montage\/\"]}]},{\"@type\":\"BreadcrumbList\",\"@id\":\"https:\/\/moebelwerkstatt-gasser.at\/index.php\/montage\/#breadcrumb\",\"itemListElement\":[{\"@type\":\"ListItem\",\"position\":1,\"name\":\"Startseite\",\"item\":\"https:\/\/moebelwerkstatt-gasser.at\/\"},{\"@type\":\"ListItem\",\"position\":2,\"name\":\"Montage\"}]},{\"@type\":\"WebSite\",\"@id\":\"https:\/\/moebelwerkstatt-gasser.at\/#website\",\"url\":\"https:\/\/moebelwerkstatt-gasser.at\/\",\"name\":\"Moebelwerkstatt Gasser\",\"description\":\"\",\"publisher\":{\"@id\":\"https:\/\/moebelwerkstatt-gasser.at\/#organization\"},\"potentialAction\":[{\"@type\":\"SearchAction\",\"target\":{\"@type\":\"EntryPoint\",\"urlTemplate\":\"https:\/\/moebelwerkstatt-gasser.at\/?s={search_term_string}\"},\"query-input\":\"required name=search_term_string\"}],\"inLanguage\":\"de-DE\"},{\"@type\":\"Organization\",\"@id\":\"https:\/\/moebelwerkstatt-gasser.at\/#organization\",\"name\":\"m\u00f6belwerkstatt - Manfred Gasser\",\"url\":\"https:\/\/moebelwerkstatt-gasser.at\/\",\"sameAs\":[],\"logo\":{\"@type\":\"ImageObject\",\"inLanguage\":\"de-DE\",\"@id\":\"https:\/\/moebelwerkstatt-gasser.at\/#\/schema\/logo\/image\/\",\"url\":\"http:\/\/moebelwerkstatt-gasser.at\/wp-content\/uploads\/2021\/12\/Logo-moebelwerkstatt.jpg\",\"contentUrl\":\"http:\/\/moebelwerkstatt-gasser.at\/wp-content\/uploads\/2021\/12\/Logo-moebelwerkstatt.jpg\",\"width\":324,\"height\":117,\"caption\":\"m\u00f6belwerkstatt - Manfred Gasser\"},\"image\":{\"@id\":\"https:\/\/moebelwerkstatt-gasser.at\/#\/schema\/logo\/image\/\"}}]}<\/script>\n<!-- \/ Yoast SEO plugin. -->","yoast_head_json":{"title":"Montage - Moebelwerkstatt Gasser","robots":{"index":"index","follow":"follow","max-snippet":"max-snippet:-1","max-image-preview":"max-image-preview:large","max-video-preview":"max-video-preview:-1"},"canonical":"https:\/\/moebelwerkstatt-gasser.at\/index.php\/montage\/","og_locale":"de_DE","og_type":"article","og_title":"Montage - Moebelwerkstatt Gasser","og_description":"Montage &#038; Umbauten Passgenaue Fertigung erfordert auch passgenaue Montage. Wir legen darauf unser h\u00f6chstes Augenmerk, denn ein hochwertiges Holzgewerk verliert an Lebensdauer, wenn es nicht auch mit Pr\u00e4zision montiert oder eingebaut wird. Dazu geh\u00f6rt auch sauberes und st\u00f6rungsfreies Arbeiten. Kurz: Als Kunde werden Sie unsere Montage- und Umbauarbeiten in Ihrem Wohnbereich kaum \u201esp\u00fcren\u201c. Montage- und [&hellip;]","og_url":"https:\/\/moebelwerkstatt-gasser.at\/index.php\/montage\/","og_site_name":"Moebelwerkstatt Gasser","article_modified_time":"2022-03-01T16:42:22+00:00","og_image":[{"url":"http:\/\/moebelwerkstatt-gasser.at\/wp-content\/uploads\/2022\/03\/Montage-2-1024x683.jpg"}],"twitter_card":"summary_large_image","schema":{"@context":"https:\/\/schema.org","@graph":[{"@type":"WebPage","@id":"https:\/\/moebelwerkstatt-gasser.at\/index.php\/montage\/","url":"https:\/\/moebelwerkstatt-gasser.at\/index.php\/montage\/","name":"Montage - Moebelwerkstatt Gasser","isPartOf":{"@id":"https:\/\/moebelwerkstatt-gasser.at\/#website"},"datePublished":"2021-12-16T10:54:36+00:00","dateModified":"2022-03-01T16:42:22+00:00","breadcrumb":{"@id":"https:\/\/moebelwerkstatt-gasser.at\/index.php\/montage\/#breadcrumb"},"inLanguage":"de-DE","potentialAction":[{"@type":"ReadAction","target":["https:\/\/moebelwerkstatt-gasser.at\/index.php\/montage\/"]}]},{"@type":"BreadcrumbList","@id":"https:\/\/moebelwerkstatt-gasser.at\/index.php\/montage\/#breadcrumb","itemListElement":[{"@type":"ListItem","position":1,"name":"Startseite","item":"https:\/\/moebelwerkstatt-gasser.at\/"},{"@type":"ListItem","position":2,"name":"Montage"}]},{"@type":"WebSite","@id":"https:\/\/moebelwerkstatt-gasser.at\/#website","url":"https:\/\/moebelwerkstatt-gasser.at\/","name":"Moebelwerkstatt Gasser","description":"","publisher":{"@id":"https:\/\/moebelwerkstatt-gasser.at\/#organization"},"potentialAction":[{"@type":"SearchAction","target":{"@type":"EntryPoint","urlTemplate":"https:\/\/moebelwerkstatt-gasser.at\/?s={search_term_string}"},"query-input":"required name=search_term_string"}],"inLanguage":"de-DE"},{"@type":"Organization","@id":"https:\/\/moebelwerkstatt-gasser.at\/#organization","name":"m\u00f6belwerkstatt - Manfred Gasser","url":"https:\/\/moebelwerkstatt-gasser.at\/","sameAs":[],"logo":{"@type":"ImageObject","inLanguage":"de-DE","@id":"https:\/\/moebelwerkstatt-gasser.at\/#\/schema\/logo\/image\/","url":"http:\/\/moebelwerkstatt-gasser.at\/wp-content\/uploads\/2021\/12\/Logo-moebelwerkstatt.jpg","contentUrl":"http:\/\/moebelwerkstatt-gasser.at\/wp-content\/uploads\/2021\/12\/Logo-moebelwerkstatt.jpg","width":324,"height":117,"caption":"m\u00f6belwerkstatt - Manfred Gasser"},"image":{"@id":"https:\/\/moebelwerkstatt-gasser.at\/#\/schema\/logo\/image\/"}}]}},"_links":{"self":[{"href":"https:\/\/moebelwerkstatt-gasser.at\/index.php\/wp-json\/wp\/v2\/pages\/29"}],"collection":[{"href":"https:\/\/moebelwerkstatt-gasser.at\/index.php\/wp-json\/wp\/v2\/pages"}],"about":[{"href":"https:\/\/moebelwerkstatt-gasser.at\/index.php\/wp-json\/wp\/v2\/types\/page"}],"author":[{"embeddable":true,"href":"https:\/\/moebelwerkstatt-gasser.at\/index.php\/wp-json\/wp\/v2\/users\/1"}],"replies":[{"embeddable":true,"href":"https:\/\/moebelwerkstatt-gasser.at\/index.php\/wp-json\/wp\/v2\/comments?post=29"}],"version-history":[{"count":34,"href":"https:\/\/moebelwerkstatt-gasser.at\/index.php\/wp-json\/wp\/v2\/pages\/29\/revisions"}],"predecessor-version":[{"id":967,"href":"https:\/\/moebelwerkstatt-gasser.at\/index.php\/wp-json\/wp\/v2\/pages\/29\/revisions\/967"}],"wp:attachment":[{"href":"https:\/\/moebelwerkstatt-gasser.at\/index.php\/wp-json\/wp\/v2\/media?parent=29"}],"curies":[{"name":"wp","href":"https:\/\/api.w.org\/{rel}","templated":true}]}}